{"id":7656,"date":"2018-06-03T17:41:26","date_gmt":"2018-06-03T15:41:26","guid":{"rendered":"https:\/\/www.germansuzuki.de\/?page_id=7656"},"modified":"2018-12-22T13:47:34","modified_gmt":"2018-12-22T11:47:34","slug":"7656-2","status":"publish","type":"page","link":"https:\/\/www.germansuzuki.de\/?page_id=7656","title":{"rendered":"Weiterbildungskurse"},"content":{"rendered":"[vc_row type=&#8220;in_container&#8220; full_screen_row_position=&#8220;middle&#8220; scene_position=&#8220;center&#8220; text_color=&#8220;dark&#8220; text_align=&#8220;left&#8220; overlay_strength=&#8220;0.3&#8243; shape_divider_position=&#8220;bottom&#8220;][vc_column column_padding=&#8220;no-extra-padding&#8220; column_padding_position=&#8220;all&#8220; background_color_opacity=&#8220;1&#8243; background_hover_color_opacity=&#8220;1&#8243; column_shadow=&#8220;none&#8220; column_border_radius=&#8220;none&#8220; width=&#8220;1\/2&#8243; tablet_text_alignment=&#8220;default&#8220; phone_text_alignment=&#8220;default&#8220; column_border_width=&#8220;none&#8220; column_border_style=&#8220;solid&#8220;][vc_column_text]\n<h3 style=\"text-align: left;\"><span style=\"color: #000080;\"><strong>INTERNATIONAL MUSIC TEACHERS EXCHANGE<\/strong><\/span><\/h3>\n<div id=\"content\">\n<div id=\"post-1814\" class=\"post\">\n<div class=\"entry\">\n<p><img decoding=\"async\" loading=\"lazy\" class=\"wp-image-7674 alignleft\" src=\"https:\/\/www.germansuzuki.de\/wp-content\/uploads\/2018\/06\/Poster_Spring_2019_K2-724x1024.jpg\" alt=\"\" width=\"474\" height=\"671\" srcset=\"https:\/\/www.germansuzuki.de\/wp-content\/uploads\/2018\/06\/Poster_Spring_2019_K2-724x1024.jpg 724w, https:\/\/www.germansuzuki.de\/wp-content\/uploads\/2018\/06\/Poster_Spring_2019_K2-212x300.jpg 212w, https:\/\/www.germansuzuki.de\/wp-content\/uploads\/2018\/06\/Poster_Spring_2019_K2-768x1086.jpg 768w, https:\/\/www.germansuzuki.de\/wp-content\/uploads\/2018\/06\/Poster_Spring_2019_K2.jpg 1240w\" sizes=\"(max-width: 474px) 100vw, 474px\" \/><\/p>\n<\/div>\n<\/div>\n<\/div>\n[\/vc_column_text][\/vc_column][vc_column column_padding=&#8220;no-extra-padding&#8220; column_padding_position=&#8220;all&#8220; background_color_opacity=&#8220;1&#8243; background_hover_color_opacity=&#8220;1&#8243; column_shadow=&#8220;none&#8220; column_border_radius=&#8220;none&#8220; width=&#8220;1\/2&#8243; tablet_text_alignment=&#8220;default&#8220; phone_text_alignment=&#8220;default&#8220; column_border_width=&#8220;none&#8220; column_border_style=&#8220;solid&#8220;][vc_column_text]\n<h3><strong><span style=\"color: #000080;\">Weiterbildungskurse f\u00fcr Violinlehrer<\/span><br \/>\n<\/strong><\/h3>\n<p style=\"text-align: left;\" align=\"center\"><span style=\"color: #000000;\"><strong>Beginn: Donnerstag, 25. April 2019, 14:30 Uhr <\/strong><\/span><br \/>\n<span style=\"color: #000000;\"><strong> Ende: Sonntag, 28. April 2019, 13:30 Uhr<\/strong><\/span><\/p>\n<p style=\"text-align: justify;\"><span style=\"color: #000000;\">Diese Kurse richten sich an Suzuki-Violinlehrer, die ein besonderes Repertoire erarbeiten oder bestimmte Inhalte wiederholen und vertiefen wollen. Die Inhalte basieren auf den Konzepten und Unterrichtsmaterialien von Shinichi Suzuki, Mimi Zweig, Paul Rolland und Kerstin Wartberg.<\/span><\/p>\n<p style=\"text-align: justify;\"><span style=\"color: #000000;\">Auch wenn Sie bereits die betreffenden Lehrerkurse besucht haben, so wird Ihnen die Wiederholung mit einem anderen Teacher Trainer sicher neue Anregungen geben k\u00f6nnen, denn jeder Teacher Trainer setzt seine pers\u00f6nlichen Schwerpunkte und wird diese auf seine eigene Art und Weise pr\u00e4sentieren. Deshalb bieten solche Wiederholungskurse gute M\u00f6glichkeiten, das eigene Spektrum zu erweitern und andere Sichtweisen kennenzulernen.<\/span><\/p>\n[\/vc_column_text]<div class=\"divider-wrap\"><div style=\"height: 25px;\" class=\"divider\"><\/div><\/div>[vc_column_text]\n<div id=\"gt-res-content\">\n<div dir=\"ltr\">\n<h3><span style=\"color: #000000;\"><strong><span style=\"color: #000080;\">Wir bieten f\u00fcnf Lehrerkurse an, wobei Musik aus dem Suzuki-Repertoire im Mittelpunkt steht.<br \/>\n<\/span><\/strong><\/span><\/h3>\n<\/div>\n<\/div>\n<p><span style=\"color: #000000;\"><span style=\"color: #000080;\"><strong>Kurs A:<\/strong> <strong>Heft 1<\/strong><\/span> mit dem Schwerpunkt auf den St\u00fccken Nr. 10 bis 17<\/span><\/p>\n<p><span style=\"color: #000000;\"><span style=\"color: #000080;\"><strong>Kurs B:<\/strong><strong> Heft 3<\/strong><\/span> mit dem Schwerpunkt auf den St\u00fccken Nr. 1 bis 5<\/span><\/p>\n<p><span style=\"color: #000000;\"><span style=\"color: #000080;\"><strong>Kurs C: Heft 5<\/strong><\/span> mit dem Schwerpunkt auf den St\u00fccken Nr. 1, 2, 3A und 3B (Vivaldi 1. und 2. Satz), 4<\/span><\/p>\n<p><span style=\"color: #000000;\"><strong><span style=\"color: #000080;\">Kurs D: Heft 7<\/span> <\/strong>mit dem Schwerpunkt auf den St\u00fccken Nr. 1 und 2 sowie auf dem Konzert in a-Moll von J.S. Bach<\/span><\/p>\n<p><strong><span style=\"color: #000080;\">Kurs E: Zusatzliteratur und Technik<\/span><br \/>\n<\/strong><span class=\"tlid-translation translation\" style=\"color: #000000;\"><span class=\"\" title=\"\">Die Teilnehmer haben die M\u00f6glichkeit, ihr individuelles Programm zusammen zu stellen (z.B. ein Mozart-Violinkonzert mit den entsprechenden technischen \u00dcbungen)<\/span><\/span><\/p>\n<div id=\"content\">\n<div id=\"post-1814\" class=\"post\">\n<div class=\"entry\">\n<p><span style=\"color: #000000;\">Da diese Kurse gleichzeitig stattfinden, k\u00f6nnen Sie sich nur f\u00fcr EINEN Kurs anmelden.<\/span><\/p>\n<\/div>\n<\/div>\n<\/div>\n[\/vc_column_text][\/vc_column][\/vc_row][vc_row type=&#8220;in_container&#8220; full_screen_row_position=&#8220;middle&#8220; bg_color=&#8220;#b0e2ff&#8220; scene_position=&#8220;center&#8220; text_color=&#8220;dark&#8220; text_align=&#8220;left&#8220; top_padding=&#8220;40&#8243; bottom_padding=&#8220;20&#8243; id=&#8220;quote&#8220; overlay_strength=&#8220;0.3&#8243; shape_divider_position=&#8220;bottom&#8220; shape_type=&#8220;&#8220;][vc_column column_padding=&#8220;no-extra-padding&#8220; column_padding_position=&#8220;all&#8220; background_color_opacity=&#8220;1&#8243; background_hover_color_opacity=&#8220;1&#8243; column_shadow=&#8220;none&#8220; column_border_radius=&#8220;none&#8220; width=&#8220;4\/6&#8243; tablet_text_alignment=&#8220;default&#8220; phone_text_alignment=&#8220;default&#8220; column_border_width=&#8220;none&#8220; column_border_style=&#8220;solid&#8220;][vc_column_text]<span style=\"color: #000000;\">Au\u00dferdem haben wir f\u00fcr alle Teilnehmer ein buntes Vortragsprogramm zusammengestellt, das Themen rund um das Unterrichten beleuchtet.<\/span><\/p>\n<p><span style=\"color: #000000;\">Als externen Gast konnten wir <strong>Frau Prof. <span style=\"color: #000080;\"><a style=\"color: #000080;\" href=\"https:\/\/www.hmt-rostock.de\/hochschule\/lehrende\/institut-fuer-musik\/streichinstrumente\/prof-christiane-hutcap-violine\/\" target=\"_blank\" rel=\"noopener\" data-saferedirecturl=\"https:\/\/www.google.com\/url?hl=de&amp;q=https:\/\/www.hmt-rostock.de\/hochschule\/lehrende\/institut-fuer-musik\/streichinstrumente\/prof-christiane-hutcap-violine\/&amp;source=gmail&amp;ust=1528180919396000&amp;usg=AFQjCNFNy0O5XghJbo7ErGevz5-ZEIAzxg\">Christiane <span class=\"il\">Hutcap<\/span><\/a> <\/span>von der Hochschule f\u00fcr Musik und Theater Rostock <\/strong>gewinnen, die sich neben ihrer Professorent\u00e4tigkeit mit gro\u00dfem pers\u00f6nlichen Engagement f\u00fcr die F\u00f6rderung von hochbegabten Geigensch\u00fclern einsetzt.<\/span><\/p>\n<p><span style=\"color: #000000;\">U.a. unterrichtet und betreut sie junge Geiger an der &#8222;Young Academy Rostock&#8220;, einer Einrichtung unter der Schirmherrschaft von Daniel Barenboim.\u00a0 <\/span><span style=\"color: #000000;\">Frau Hutcap wird uns ihre instrumentaltechnischen Schwerpunkte f\u00fcr den Unterricht mit sehr jungen Kindern der unteren Mittelstufe theoretisch und praktisch vorstellen.<br \/>\n<\/span>[\/vc_column_text][\/vc_column][vc_column column_padding=&#8220;no-extra-padding&#8220; column_padding_position=&#8220;all&#8220; background_color_opacity=&#8220;1&#8243; background_hover_color_opacity=&#8220;1&#8243; column_shadow=&#8220;none&#8220; column_border_radius=&#8220;none&#8220; width=&#8220;1\/6&#8243; tablet_text_alignment=&#8220;default&#8220; phone_text_alignment=&#8220;default&#8220; column_border_width=&#8220;none&#8220; column_border_style=&#8220;solid&#8220;][\/vc_column][vc_column column_padding=&#8220;no-extra-padding&#8220; column_padding_position=&#8220;all&#8220; background_color_opacity=&#8220;1&#8243; background_hover_color_opacity=&#8220;1&#8243; column_shadow=&#8220;none&#8220; column_border_radius=&#8220;none&#8220; width=&#8220;1\/6&#8243; tablet_text_alignment=&#8220;default&#8220; phone_text_alignment=&#8220;default&#8220; column_border_width=&#8220;none&#8220; column_border_style=&#8220;solid&#8220;][vc_column_text]\n<div id=\"attachment_7712\" style=\"width: 239px\" class=\"wp-caption alignnone\"><a href=\"https:\/\/www.germansuzuki.de\/wp-content\/uploads\/2018\/06\/Hutcap_bearb.jpg\"><img aria-describedby=\"caption-attachment-7712\" decoding=\"async\" loading=\"lazy\" class=\"size-medium wp-image-7712\" src=\"https:\/\/www.germansuzuki.de\/wp-content\/uploads\/2018\/06\/Hutcap_bearb-229x300.jpg\" alt=\"\" width=\"229\" height=\"300\" srcset=\"https:\/\/www.germansuzuki.de\/wp-content\/uploads\/2018\/06\/Hutcap_bearb-229x300.jpg 229w, https:\/\/www.germansuzuki.de\/wp-content\/uploads\/2018\/06\/Hutcap_bearb.jpg 324w\" sizes=\"(max-width: 229px) 100vw, 229px\" \/><\/a><p id=\"caption-attachment-7712\" class=\"wp-caption-text\">Prof. Christiane Hutcap<\/p><\/div>\n[\/vc_column_text][\/vc_column][\/vc_row][vc_row type=&#8220;in_container&#8220; full_screen_row_position=&#8220;middle&#8220; scene_position=&#8220;center&#8220; text_color=&#8220;dark&#8220; text_align=&#8220;left&#8220; overlay_strength=&#8220;0.3&#8243; shape_divider_position=&#8220;bottom&#8220;][vc_column column_padding=&#8220;no-extra-padding&#8220; column_padding_position=&#8220;all&#8220; background_color_opacity=&#8220;1&#8243; background_hover_color_opacity=&#8220;1&#8243; column_shadow=&#8220;none&#8220; column_border_radius=&#8220;none&#8220; width=&#8220;1\/1&#8243; tablet_text_alignment=&#8220;default&#8220; phone_text_alignment=&#8220;default&#8220; column_border_width=&#8220;none&#8220; column_border_style=&#8220;solid&#8220;][vc_column_text]\n<h2><\/h2>\n<h2><span style=\"color: #003366;\"><strong><a name=\"preisliste\"><\/a>Preisliste<\/strong><\/span><\/h2>\n<h3><span style=\"color: #003366;\"><strong>Kurspreise<\/strong><\/span><\/h3>\n<p><strong>Kurs A: Heft 1 = 220,00 \u20ac*<\/strong><br \/>\n<strong>Kurs B: Heft 3 = 220,00 \u20ac*<\/strong><br \/>\n<strong>Kurs C: Heft 5 = 220,00 \u20ac*<\/strong><br \/>\n<strong>Kurs D: Heft 7 = 220,00 \u20ac*<br \/>\nKurs E: Zusatzliteratur &amp; Technik = 220,00 \u20ac*<br \/>\n<\/strong><\/p>\n<p><strong><span style=\"color: #000080;\">*Fr\u00fchbucherrabatt.<\/span> <span style=\"color: #008000;\">Am 1. Februar 2019 wird die Kursgeb\u00fchr auf 250,00 \u20ac erh\u00f6ht.<\/span><\/strong><\/p>\n<h3><span style=\"color: #003366;\"><strong>Unterkunft und Verpflegung<\/strong><\/span><\/h3>\n<p><strong>Donnerstag &#8211; Sonntag: 25.04 &#8211; 28.04.2019<\/strong><br \/>\n<strong>Doppelzimmer (pro Person) inkl. Verpflegung: 189.00 \u20ac<\/strong><br \/>\n<strong>Einzelzimmer inkl. Verpflegung: 215.00 \u20ac<\/strong><br \/>\n<strong><br \/>\nMittwochabend \u2013 Sonntag: 24.04. &#8211; 28.04.2019<\/strong><br \/>\n<strong>Doppelzimmer (pro Person) inkl. Verpflegung: 229.00 \u20ac<\/strong><br \/>\n<strong>Einzelzimmer inkl. Verpflegung: 260.00 \u20ac<\/strong><\/p>\n<h3><span style=\"color: #003366;\">Mahlzeiten f\u00fcr Teilnehmer, die nicht in der Akademie \u00fcbernachten (ohne Fr\u00fchst\u00fcck)<\/span><\/h3>\n<p><strong>Mahlzeiten Donnerstag &#8211; Sonntag: 66.00 \u20ac<\/strong><\/p>\n<h2><\/h2>\n<h2><span style=\"color: #003366;\"><strong>R\u00fccktrittsbedingungen<\/strong><\/span><\/h2>\n<p><strong>Absagen m\u00fcssen schriftlich erfolgen (per Brief oder Email) an:<\/strong><\/p>\n<p><strong>Deutsches Suzuki Institut<\/strong><br \/>\n<strong>Sekretariat Stefan Kalkbrenner<\/strong><br \/>\n<strong>Postfach 1866, 24017 Kiel, GERMANY<\/strong><br \/>\n<strong>info@germansuzuki.com<\/strong><\/p>\n<p><strong>Bei Absagen bis zum 31. Januar 2019 einschlie\u00dflich<\/strong><br \/>\n<strong>werden ALLE KOSTEN zur\u00fcckerstattet.<\/strong><\/p>\n<p><strong>Bei Absagen vom 1. Februar bis zum 15. Februar 2019<\/strong><br \/>\n<strong>werden die Kosten f\u00fcr UNTERKUNFT und VERPFLEGUNG<\/strong><br \/>\n<strong>in der Akademie zur\u00fcckerstattet, jedoch nicht die Kursgeb\u00fchr.<\/strong><\/p>\n<p><strong>Ab dem 16. Februar 2019 sind wir leider nicht in der Lage,<\/strong><br \/>\n<strong>R\u00fcckerstattungen vorzunehmen.<\/strong><\/p>\n<p><strong>Falls Sie Fragen haben, schreiben Sie uns bitte eine eMail an<\/strong><br \/>\n<strong>info@germansuzuki.com<\/strong><\/p>\n<h2><span style=\"color: #000000;\">Hier geht es zur<\/span> <span style=\"color: #008000;\"><a style=\"color: #008000;\" href=\"https:\/\/www.imtex.info\/anmeldung\/rs\/deutsch\/\"><strong>Online-Anmeldung<\/strong><\/a><\/span><\/h2>\n<p>&nbsp;<\/p>\n<p><strong><a href=\"http:\/\/www.germansuzuki.com\/wp-content\/uploads\/2016\/11\/Akademie_Klein.jpg\"><img decoding=\"async\" loading=\"lazy\" class=\"alignleft wp-image-6601\" src=\"http:\/\/www.germansuzuki.com\/wp-content\/uploads\/2016\/11\/Akademie_Klein-300x225.jpg\" alt=\"akademie_klein\" width=\"204\" height=\"153\" \/><\/a><br \/>\n<\/strong><strong>Tagungsort:<br \/>\nAkademie der kulturellen Bildung<br \/>\nK\u00fcppelstein 34<br \/>\nD-42857 Remscheid<br \/>\nDeutschland<br \/>\n<\/strong><\/p>\n<p><span style=\"color: #ffffff;\">1<\/span><br \/>\n<span style=\"color: #ffffff;\">1<\/span><\/p>\n<p><strong>Unterrichtssprachen<\/strong><strong>:<br \/>\nDeutsch, Ungarisch, Spanisch und Englisch<br \/>\n<\/strong><\/p>\n<h4><em>Wir w\u00fcrden uns freuen,<br \/>\nSie bei den Fr\u00fchlingslehrerkursen 2019 begr\u00fc\u00dfen zu k\u00f6nnen!<\/em><\/h4>\n<p><strong>Noch Fragen? Bitte schreiben Sie uns eine Email an<br \/>\n<span style=\"color: #000000;\"><a href=\"mailto:info@germansuzuki.com\"><span style=\"color: #000080;\">info@germansuzuki.com<\/span><\/a><\/span><\/strong><\/p>\n<p>&nbsp;<\/p>\n<p>&nbsp;<\/p>\n<h2><a href=\"http:\/\/en.germansuzuki.com\/wp-content\/uploads\/2014\/10\/index.jpg\"><img decoding=\"async\" loading=\"lazy\" class=\"wp-image-1485 alignleft\" src=\"http:\/\/en.germansuzuki.com\/wp-content\/uploads\/2014\/10\/index.jpg\" alt=\"index\" width=\"91\" height=\"91\" \/><\/a><a href=\"https:\/\/www.facebook.com\/groups\/362815390754879\/\"><span style=\"color: #000080;\">International Music Teachers Exchange<\/span><\/a><\/h2>\n[\/vc_column_text][\/vc_column][\/vc_row]\n","protected":false},"excerpt":{"rendered":"<p>[vc_row type=&#8220;in_container&#8220; full_screen_row_position=&#8220;middle&#8220; scene_position=&#8220;center&#8220; text_color=&#8220;dark&#8220; text_align=&#8220;left&#8220; overlay_strength=&#8220;0.3&#8243; shape_divider_position=&#8220;bottom&#8220;][vc_column column_padding=&#8220;no-extra-padding&#8220; column_padding_position=&#8220;all&#8220; background_color_opacity=&#8220;1&#8243; background_hover_color_opacity=&#8220;1&#8243; column_shadow=&#8220;none&#8220; column_border_radius=&#8220;none&#8220; width=&#8220;1\/2&#8243; tablet_text_alignment=&#8220;default&#8220; phone_text_alignment=&#8220;default&#8220; column_border_width=&#8220;none&#8220; column_border_style=&#8220;solid&#8220;][vc_column_text] INTERNATIONAL MUSIC TEACHERS EXCHANGE [\/vc_column_text][\/vc_column][vc_column column_padding=&#8220;no-extra-padding&#8220; column_padding_position=&#8220;all&#8220; background_color_opacity=&#8220;1&#8243; background_hover_color_opacity=&#8220;1&#8243; column_shadow=&#8220;none&#8220; column_border_radius=&#8220;none&#8220;&#8230;<\/p>\n","protected":false},"author":2,"featured_media":0,"parent":0,"menu_order":0,"comment_status":"closed","ping_status":"closed","template":"","meta":[],"_links":{"self":[{"href":"https:\/\/www.germansuzuki.de\/index.php?rest_route=\/wp\/v2\/pages\/7656"}],"collection":[{"href":"https:\/\/www.germansuzuki.de\/index.php?rest_route=\/wp\/v2\/pages"}],"about":[{"href":"https:\/\/www.germansuzuki.de\/index.php?rest_route=\/wp\/v2\/types\/page"}],"author":[{"embeddable":true,"href":"https:\/\/www.germansuzuki.de\/index.php?rest_route=\/wp\/v2\/users\/2"}],"replies":[{"embeddable":true,"href":"https:\/\/www.germansuzuki.de\/index.php?rest_route=%2Fwp%2Fv2%2Fcomments&post=7656"}],"version-history":[{"count":50,"href":"https:\/\/www.germansuzuki.de\/index.php?rest_route=\/wp\/v2\/pages\/7656\/revisions"}],"predecessor-version":[{"id":8589,"href":"https:\/\/www.germansuzuki.de\/index.php?rest_route=\/wp\/v2\/pages\/7656\/revisions\/8589"}],"wp:attachment":[{"href":"https:\/\/www.germansuzuki.de\/index.php?rest_route=%2Fwp%2Fv2%2Fmedia&parent=7656"}],"curies":[{"name":"wp","href":"https:\/\/api.w.org\/{rel}","templated":true}]}}