{"id":3712,"date":"2012-09-10T12:24:08","date_gmt":"2012-09-10T10:24:08","guid":{"rendered":"http:\/\/www.germansuzuki.com\/?page_id=3712"},"modified":"2025-12-03T13:21:58","modified_gmt":"2025-12-03T11:21:58","slug":"neue-ausbildungslehrgange-zum-suzuki-lehrer","status":"publish","type":"page","link":"https:\/\/www.germansuzuki.de\/?page_id=3712","title":{"rendered":"Suzuki Teacher Training &#8211; Suzuki-Lehrerausbildung PLUS"},"content":{"rendered":"[vc_row type=&#8220;in_container&#8220; full_screen_row_position=&#8220;middle&#8220; scene_position=&#8220;center&#8220; text_color=&#8220;dark&#8220; text_align=&#8220;center&#8220; overlay_strength=&#8220;0.3&#8243; shape_divider_position=&#8220;bottom&#8220; shape_type=&#8220;&#8220;][vc_column column_padding=&#8220;no-extra-padding&#8220; column_padding_position=&#8220;all&#8220; background_color_opacity=&#8220;1&#8243; background_hover_color_opacity=&#8220;1&#8243; column_shadow=&#8220;none&#8220; column_border_radius=&#8220;none&#8220; width=&#8220;1\/2&#8243; tablet_text_alignment=&#8220;default&#8220; phone_text_alignment=&#8220;default&#8220; column_border_width=&#8220;none&#8220; column_border_style=&#8220;solid&#8220;][vc_column_text]\n<h2 style=\"text-align: left;\"><span style=\"color: #000080;\"><strong>Suzuki Teacher Training<br \/>\n<\/strong><\/span><strong>Suzuki-Lehrerausbildung <span style=\"color: #993300;\">PLUS<\/span><\/strong><\/h2>\n<hr \/>\n<h4 style=\"text-align: left;\"><span style=\"color: #000000;\">Die Inhalte basieren auf den Konzepten und Unterrichtsmaterialien von Shinichi Suzuki <strong>PLUS <\/strong><strong>Kerstin Wartberg.<\/strong><\/span><\/h4>\n<h4 style=\"text-align: left;\"><span style=\"color: #000080;\"><strong>F\u00fcr wen sind diese Kurse?<\/strong><\/span><br \/>\n<span style=\"color: #000000;\">Sie sind f\u00fcr Geiger und Geigerinnen konzipiert, die sich im Unterrichten von Kindern ab drei Jahren weiterbilden wollen.<br \/>\nDie Teilnehmer sollten \u00fcber eine abgeschlossene Musikhochschulausbildung sowie \u00fcber solide instrumentale F\u00e4higkeiten verf\u00fcgen. Der Kursbesuch ist auch studienbegleitend m\u00f6glich.<\/span><\/h4>\n<p style=\"text-align: left;\"><span style=\"color: #ffffff;\">\u00a0<\/span><\/p>\n<h3 style=\"text-align: left;\"><span style=\"color: #000080;\"><strong>Unterrichtsmaterialien<br \/>\n<\/strong><\/span><\/h3>\n<h4 style=\"text-align: left;\"><span style=\"color: #000000;\">Neben den Suzuki-Instrumentalschulen werden aktuelle Materialien in Print- und digitaler Form von Mimi Zweig, Paul Rolland und Kerstin Wartberg mit einbezogen, um Suzukis Perspektive zu erg\u00e4nzen und zu verst\u00e4rken.<\/span><\/h4>\n<p><span style=\"color: #ffffff;\">1<\/span>[\/vc_column_text][\/vc_column][vc_column column_padding=&#8220;no-extra-padding&#8220; column_padding_position=&#8220;all&#8220; background_color=&#8220;#e0e0e0&#8243; background_color_opacity=&#8220;1&#8243; background_hover_color_opacity=&#8220;1&#8243; column_shadow=&#8220;none&#8220; column_border_radius=&#8220;none&#8220; width=&#8220;1\/2&#8243; tablet_text_alignment=&#8220;default&#8220; phone_text_alignment=&#8220;default&#8220; column_border_width=&#8220;none&#8220; column_border_style=&#8220;solid&#8220;][vc_video link=&#8220;https:\/\/www.youtube.com\/watch?v=rD2pzGuGCqg&#8220;][vc_column_text]\n<p style=\"text-align: center;\"><span style=\"color: #000000;\"><b>Hier sehen Sie einen kurzen Auszug aus dem ersten IMTEX Online-Kurs,<br \/>\n<\/b>an dem Geigenlehrer und Geigenlehrerinnen aus 23 L\u00e4ndern teilnahmen.<\/span><\/p>\n<p style=\"text-align: center;\"><span style=\"color: #000000;\">Der Kurs bestand aus 12 Video-Sessions<br \/>\nund umfasste die wichtigsten Inhalte der Hefte Schritt f\u00fcr Schritt,<br \/>\nBand 1A und 1B.<\/span><\/p>\n[\/vc_column_text][vc_column_text]\n<h4>Weitere Informationen zur Bedeutung unserer Lehrerausbildung finden Sie <span style=\"color: #000080;\"><a href=\"https:\/\/www.germansuzuki.de\/?p=10340\">HIER<\/a>.<\/span><\/h4>\n[\/vc_column_text][\/vc_column][\/vc_row][vc_row type=&#8220;in_container&#8220; full_screen_row_position=&#8220;middle&#8220; bg_color=&#8220;#ddb3af&#8220; scene_position=&#8220;center&#8220; text_color=&#8220;dark&#8220; text_align=&#8220;center&#8220; overlay_strength=&#8220;0.3&#8243; shape_divider_position=&#8220;bottom&#8220; shape_type=&#8220;&#8220;][vc_column column_padding=&#8220;no-extra-padding&#8220; column_padding_position=&#8220;all&#8220; background_color_opacity=&#8220;1&#8243; background_hover_color_opacity=&#8220;1&#8243; column_shadow=&#8220;none&#8220; column_border_radius=&#8220;none&#8220; width=&#8220;1\/1&#8243; tablet_text_alignment=&#8220;default&#8220; phone_text_alignment=&#8220;default&#8220; column_border_width=&#8220;none&#8220; column_border_style=&#8220;solid&#8220;][vc_column_text]\n<h2><span style=\"color: #000000;\"><strong>Informationen zu den neuen Suzuki-Lehrerkursen f\u00fcr Violine erhalten Sie HIER:<\/strong><\/span><\/h2>\n<h3><strong>Margherita Biederbick &amp; Kerstin Wartberg<\/strong><\/h3>\n<h4><span style=\"color: #000000;\"><strong><br \/>\n<span style=\"color: #000080;\"><a style=\"color: #000080;\" href=\"https:\/\/www.germansuzuki.de\/wp-content\/uploads\/2025\/12\/Ausschreibung_Stufe1_2026.pdf\">Kursausschreibung Stufe 1<\/a><\/span><span style=\"color: #000080;\"><br \/>\n<span style=\"color: #000000;\">Beginn Januar 2026<\/span><\/span><\/strong><\/span><\/h4>\n[\/vc_column_text][\/vc_column][\/vc_row][vc_row type=&#8220;in_container&#8220; full_screen_row_position=&#8220;middle&#8220; bg_color=&#8220;#b0e2ff&#8220; scene_position=&#8220;center&#8220; text_color=&#8220;dark&#8220; text_align=&#8220;left&#8220; id=&#8220;quote&#8220; overlay_strength=&#8220;0.3&#8243; shape_divider_position=&#8220;bottom&#8220; shape_type=&#8220;&#8220;][vc_column column_padding=&#8220;no-extra-padding&#8220; column_padding_position=&#8220;all&#8220; background_color_opacity=&#8220;1&#8243; background_hover_color_opacity=&#8220;1&#8243; column_shadow=&#8220;none&#8220; column_border_radius=&#8220;none&#8220; width=&#8220;1\/2&#8243; tablet_text_alignment=&#8220;default&#8220; phone_text_alignment=&#8220;default&#8220; column_border_width=&#8220;none&#8220; column_border_style=&#8220;solid&#8220;][vc_column_text]\n<h3><span style=\"color: #000000;\">Neue Jahreskurse beginnen im Januar 2026<br \/>\n<\/span><\/h3>\n<h2><span style=\"color: #000080;\">Suzuki Teacher Training<\/span> <span style=\"color: #993300;\">PLUS<\/span><\/h2>\n<h3><span style=\"color: #000000;\">Berufsbegleitende Ausbildungskurse zum Suzuki-Lehrer<br \/>\n<\/span><span style=\"color: #000000;\"><strong>mit dem Hauptfach VIOLINE<\/strong><\/span><\/h3>\n<h3><span style=\"color: #000000;\"><strong>(Stufe 1 = Lehrbef\u00e4higung f\u00fcr den Anf\u00e4ngerunterricht)<br \/>\n<\/strong><\/span><\/h3>\n<h3><span style=\"color: #000000;\"><strong><span style=\"color: #000080;\"><br \/>\nK\u00fcnstlerisch-p\u00e4dagogische Leitung<br \/>\ndes Lehrerkurse der Stufe 1:<\/span><br \/>\n<span style=\"color: #000000;\"><br \/>\nMargherita Biederbick &amp; Kerstin Wartberg<\/span><\/strong><\/span><\/h3>\n<p>&nbsp;<\/p>\n<h3 style=\"text-align: left;\"><a href=\"https:\/\/www.germansuzuki.de\/?page_id=1970\"><span style=\"color: #000080;\"><strong>Weitere Teacher Trainer der Violin-Ausbildung<\/strong><\/span><\/a><\/h3>\n<h4 style=\"text-align: left;\"><span style=\"color: #000000;\">Kathrin Averdung, Margherita Biederbick, Michael Hoover,<br \/>\nVeronika Kimiti, Isabel Morey Suau, Kerstin Wartberg<\/span><br \/>\n<span style=\"color: #000000;\">sowie weitere europ\u00e4ische und amerikanische Gastdozenten<\/span><\/h4>\n<p>&nbsp;<\/p>\n<h3><span style=\"color: #000080;\"><strong>Noch Fragen?<br \/>\n<\/strong><\/span><\/h3>\n<h4>Gerne beantwortet Ihre Fragen Herr Kalkbrenner<br \/>\nin der Gesch\u00e4ftsstelle der DSG:<br \/>\ninfo@germansuzuki.com<br \/>\nTel.: 02241 &#8211; 2 89 46<\/h4>\n[\/vc_column_text]<div class=\"divider-wrap\"><div style=\"height: 25px;\" class=\"divider\"><\/div><\/div>[\/vc_column][vc_column column_padding=&#8220;no-extra-padding&#8220; column_padding_position=&#8220;all&#8220; background_color_opacity=&#8220;1&#8243; background_hover_color_opacity=&#8220;1&#8243; column_shadow=&#8220;none&#8220; column_border_radius=&#8220;none&#8220; width=&#8220;1\/2&#8243; tablet_text_alignment=&#8220;default&#8220; phone_text_alignment=&#8220;default&#8220; column_border_width=&#8220;none&#8220; column_border_style=&#8220;solid&#8220;][vc_column_text]<a href=\"https:\/\/www.germansuzuki.de\/wp-content\/uploads\/2018\/12\/Mimi_Quote.jpg\"><img decoding=\"async\" loading=\"lazy\" class=\"alignleft size-large wp-image-8506\" src=\"https:\/\/www.germansuzuki.de\/wp-content\/uploads\/2018\/12\/Mimi_Quote-1024x670.jpg\" alt=\"\" width=\"1024\" height=\"670\" srcset=\"https:\/\/www.germansuzuki.de\/wp-content\/uploads\/2018\/12\/Mimi_Quote-1024x670.jpg 1024w, https:\/\/www.germansuzuki.de\/wp-content\/uploads\/2018\/12\/Mimi_Quote-300x196.jpg 300w, https:\/\/www.germansuzuki.de\/wp-content\/uploads\/2018\/12\/Mimi_Quote-768x503.jpg 768w, https:\/\/www.germansuzuki.de\/wp-content\/uploads\/2018\/12\/Mimi_Quote.jpg 1754w\" sizes=\"(max-width: 1024px) 100vw, 1024px\" \/><\/a><\/p>\n<h3><\/h3>\n<h3><\/h3>\n<h3><span style=\"color: #000080;\"><br \/>\n<span style=\"color: #b0e2ff;\">&#8211;<\/span><br \/>\nAusbildungsform<\/span><\/h3>\n<h4>Die Suzuki-Lehrerkurse stellen eine berufsbegleitende Ausbildung dar und finden zwischen <span style=\"color: #000080;\">Januar und November 2026 als <strong>Online-Kurse<\/strong><\/span> statt sowie <span style=\"color: #000080;\">am 07.-08.03.2026<strong> als Pr\u00e4senz-Kurs in Leipzig<\/strong><\/span>.<\/h4>\n<p><span style=\"color: #000000;\">Die Jahreskursgeb\u00fchr betr\u00e4gt 1.500,00 EURO und die Pr\u00fcfungsgeb\u00fchr 200,00 EURO.<\/span><\/p>\n<p><span style=\"color: #b0e2ff;\">_<\/span>[\/vc_column_text][vc_column_text]\n<h3><span style=\"color: #000000;\"><strong><a href=\"https:\/\/www.germansuzuki.de\/?p=10340\"><span style=\"color: #000080;\">HIER<\/span><\/a><br \/>\nerfahren Sie mehr zur Bedeutung unserer Lehrerausbildung.<\/strong><\/span><\/h3>\n[\/vc_column_text][\/vc_column][\/vc_row][vc_row type=&#8220;in_container&#8220; full_screen_row_position=&#8220;middle&#8220; scene_position=&#8220;center&#8220; text_color=&#8220;dark&#8220; text_align=&#8220;left&#8220; overlay_strength=&#8220;0.3&#8243; shape_divider_position=&#8220;bottom&#8220;][vc_column column_padding=&#8220;no-extra-padding&#8220; column_padding_position=&#8220;all&#8220; background_color_opacity=&#8220;1&#8243; background_hover_color_opacity=&#8220;1&#8243; column_shadow=&#8220;none&#8220; column_border_radius=&#8220;none&#8220; width=&#8220;1\/1&#8243; tablet_text_alignment=&#8220;default&#8220; phone_text_alignment=&#8220;default&#8220; column_border_width=&#8220;none&#8220; column_border_style=&#8220;solid&#8220;][vc_video link=&#8220;https:\/\/www.youtube.com\/watch?v=ntfkIgGUIA4&#8243; el_width=&#8220;60&#8243; align=&#8220;center&#8220;][vc_column_text]\n<p style=\"text-align: center;\"><span style=\"color: #000000;\">Vibrato-\u00dcbung:<\/span><br \/>\n<span style=\"color: #000000;\">Der 7j\u00e4hrige Steven spielt &#8222;Das kleine Gespenst&#8220;<\/span><br \/>\n<span style=\"color: #000000;\">aus dem \u00dcbungsbuch SCHRITT f\u00fcr SCHRITT,<\/span><br \/>\n<span style=\"color: #000000;\">ver\u00f6ffentlicht im Alfred-Verlag.<\/span><\/p>\n[\/vc_column_text][\/vc_column][\/vc_row][vc_row type=&#8220;in_container&#8220; full_screen_row_position=&#8220;middle&#8220; scene_position=&#8220;center&#8220; text_color=&#8220;dark&#8220; text_align=&#8220;left&#8220; overlay_strength=&#8220;0.3&#8243; shape_divider_position=&#8220;bottom&#8220;][vc_column column_padding=&#8220;no-extra-padding&#8220; column_padding_position=&#8220;all&#8220; background_color_opacity=&#8220;1&#8243; background_hover_color_opacity=&#8220;1&#8243; column_shadow=&#8220;none&#8220; column_border_radius=&#8220;none&#8220; width=&#8220;1\/1&#8243; tablet_text_alignment=&#8220;default&#8220; phone_text_alignment=&#8220;default&#8220; column_border_width=&#8220;none&#8220; column_border_style=&#8220;solid&#8220;]<div class=\"divider-wrap\"><div style=\"height: 25px;\" class=\"divider\"><\/div><\/div>[\/vc_column][\/vc_row][vc_row type=&#8220;in_container&#8220; full_screen_row_position=&#8220;middle&#8220; bg_color=&#8220;#b0e2ff&#8220; scene_position=&#8220;center&#8220; text_color=&#8220;dark&#8220; text_align=&#8220;left&#8220; top_padding=&#8220;30&#8243; bottom_padding=&#8220;30&#8243; id=&#8220;quote&#8220; overlay_strength=&#8220;0.3&#8243; shape_divider_position=&#8220;bottom&#8220; shape_type=&#8220;&#8220;][vc_column column_padding=&#8220;no-extra-padding&#8220; column_padding_position=&#8220;all&#8220; background_color_opacity=&#8220;1&#8243; background_hover_color_opacity=&#8220;1&#8243; column_shadow=&#8220;none&#8220; column_border_radius=&#8220;none&#8220; width=&#8220;1\/1&#8243; tablet_text_alignment=&#8220;default&#8220; phone_text_alignment=&#8220;default&#8220; column_border_width=&#8220;none&#8220; column_border_style=&#8220;solid&#8220;][vc_column_text]\n<h3 style=\"text-align: center;\"><span style=\"color: #000080;\"><strong>Wer eignet sich zum Suzuki-Lehrer?<\/strong><\/span><\/h3>\n<h3 style=\"text-align: center;\"><span style=\"color: #000080;\">Die Teilnehmer sollten in der Regel \u00fcber eine abgeschlossene Musikhochschulausbildung verf\u00fcgen und sich zu der Arbeit mit Kindern und den Inhalten der Suzuki-P\u00e4dagogik hingezogen f\u00fchlen.<\/span><\/h3>\n[\/vc_column_text][\/vc_column][\/vc_row][vc_row type=&#8220;in_container&#8220; full_screen_row_position=&#8220;middle&#8220; scene_position=&#8220;center&#8220; text_color=&#8220;dark&#8220; text_align=&#8220;left&#8220; overlay_strength=&#8220;0.3&#8243; shape_divider_position=&#8220;bottom&#8220;][vc_column column_padding=&#8220;no-extra-padding&#8220; column_padding_position=&#8220;all&#8220; background_color_opacity=&#8220;1&#8243; background_hover_color_opacity=&#8220;1&#8243; column_shadow=&#8220;none&#8220; column_border_radius=&#8220;none&#8220; width=&#8220;1\/2&#8243; tablet_text_alignment=&#8220;default&#8220; phone_text_alignment=&#8220;default&#8220; column_border_width=&#8220;none&#8220; column_border_style=&#8220;solid&#8220;][vc_column_text]\n<h3><span style=\"color: #000080;\"><strong>Welches sind die Kursinhalte?<\/strong><\/span><\/h3>\n<ul>\n<li><span style=\"color: #000000;\">Grundlagen der Suzuki-P\u00e4dagogik in Verbindung mit den methodischen Konzepten von Mimi Zweig, Paul Rolland und Kerstin Wartberg<br \/>\n<\/span><\/li>\n<li><span style=\"color: #000000;\">Muttersprachenmethodik<\/span><\/li>\n<li><span style=\"color: #000000;\">Struktur von Einzel- und Gruppenunterricht<\/span><\/li>\n<li><span style=\"color: #000000;\">Gestaltung von Elternabenden<\/span><\/li>\n<li><span style=\"color: #000000;\">Vorlesungen und Diskussionen \u00fcber methodische und didaktische Themen<\/span><\/li>\n<li><span style=\"color: #000000;\">Unterrichtshospitationen<\/span><\/li>\n<li><span style=\"color: #000000;\">Systematische Erarbeitung des Unterrichtswerkes<\/span><\/li>\n<\/ul>\n[\/vc_column_text][\/vc_column][vc_column column_padding=&#8220;no-extra-padding&#8220; column_padding_position=&#8220;all&#8220; background_color_opacity=&#8220;1&#8243; background_hover_color_opacity=&#8220;1&#8243; column_shadow=&#8220;none&#8220; column_border_radius=&#8220;none&#8220; width=&#8220;1\/2&#8243; tablet_text_alignment=&#8220;default&#8220; phone_text_alignment=&#8220;default&#8220; column_border_width=&#8220;none&#8220; column_border_style=&#8220;solid&#8220;][vc_column_text]\n<ul>\n<li><span style=\"color: #000000;\">K\u00f6rperhaltung, Bew\u00e4ltigung typischer Schwierigkeiten bei Kindern<\/span><\/li>\n<li><span style=\"color: #000000;\">Verbesserung der Tonqualit\u00e4t<\/span><\/li>\n<li><span style=\"color: #000000;\">Musikalisches Ged\u00e4chtnistraining<\/span><\/li>\n<li><span style=\"color: #000000;\">Verbesserung der H\u00f6rf\u00e4higkeit<\/span><\/li>\n<li><span style=\"color: #000000;\">Ensembleleitung<\/span><\/li>\n<li><span style=\"color: #000000;\">Zusatzliteratur<\/span><\/li>\n<li><span style=\"color: #000000;\">Einzelunterricht f\u00fcr alle Teilnehmer, um die instrumentale Kindertechnik in ihrer Vorbildfunktion zu erlernen<\/span><\/li>\n<li><span style=\"color: #000000;\">Solo-Vorspiele des Suzuki-Repertoires durch Kursteilnehmer<\/span><\/li>\n<\/ul>\n[\/vc_column_text][\/vc_column][\/vc_row][vc_row type=&#8220;in_container&#8220; full_screen_row_position=&#8220;middle&#8220; scene_position=&#8220;center&#8220; text_color=&#8220;dark&#8220; text_align=&#8220;left&#8220; overlay_strength=&#8220;0.3&#8243; shape_divider_position=&#8220;bottom&#8220;][vc_column column_padding=&#8220;no-extra-padding&#8220; column_padding_position=&#8220;all&#8220; background_color_opacity=&#8220;1&#8243; background_hover_color_opacity=&#8220;1&#8243; column_shadow=&#8220;none&#8220; column_border_radius=&#8220;none&#8220; width=&#8220;1\/1&#8243; tablet_text_alignment=&#8220;default&#8220; phone_text_alignment=&#8220;default&#8220; column_border_width=&#8220;none&#8220; column_border_style=&#8220;solid&#8220;]<div class=\"divider-wrap\"><div style=\"height: 25px;\" class=\"divider\"><\/div><\/div>[vc_video link=&#8220;https:\/\/www.youtube.com\/watch?v=M1jt7r1fBp0&#8243; el_width=&#8220;60&#8243; align=&#8220;center&#8220;][\/vc_column][\/vc_row][vc_row type=&#8220;in_container&#8220; full_screen_row_position=&#8220;middle&#8220; scene_position=&#8220;center&#8220; text_color=&#8220;dark&#8220; text_align=&#8220;left&#8220; overlay_strength=&#8220;0.3&#8243; shape_divider_position=&#8220;bottom&#8220;][vc_column column_padding=&#8220;no-extra-padding&#8220; column_padding_position=&#8220;all&#8220; background_color_opacity=&#8220;1&#8243; background_hover_color_opacity=&#8220;1&#8243; column_shadow=&#8220;none&#8220; column_border_radius=&#8220;none&#8220; width=&#8220;1\/1&#8243; tablet_text_alignment=&#8220;default&#8220; phone_text_alignment=&#8220;default&#8220; column_border_width=&#8220;none&#8220; column_border_style=&#8220;solid&#8220;][vc_column_text]\n<p style=\"text-align: center;\"><span style=\"color: #000000;\">Gavotte I und II aus der Cello-Suite Nr. 6 in D-Dur, BWV 1012<\/span><br \/>\n<span style=\"color: #000000;\"> Johann Sebastian Bach <\/span><br \/>\n<span style=\"color: #000000;\"> HIER in einer Version f\u00fcr Violine &amp; Klavier<\/span><br \/>\n<span style=\"color: #000000;\"> Klavier-Arrangement: <span style=\"color: #000080;\"><a style=\"color: #000080;\" href=\"http:\/\/www.germansuzuki.com\/?p=3290\">David Andruss <\/a><\/span><\/span><br \/>\n<span style=\"color: #000000;\"> Leitung: Kerstin Wartberg, Leiterin des Deutschen Suzuki Instituts, mit einer Sch\u00fclergruppe der Mittelstufe w\u00e4hrend eines Workshops in Weinstadt bei Stuttgart.<\/span><br \/>\n<span style=\"color: #000000;\"> Diese Version stammt aus dem \u00dcbungsbuch VORSPIEL-TRAINING, ver\u00f6ffentlicht im Peters-Verlag.<\/span><\/p>\n<p><span style=\"color: #000000;\">\u00a0<\/span><\/p>\n<h3 style=\"text-align: center;\"><span style=\"color: #000080;\"><strong>Wie bereite ich mich auf den Lehrerkurs vor?<\/strong><\/span><\/h3>\n<p style=\"text-align: center;\"><span style=\"color: #000080;\"><strong>Vor Kursbeginn sollten sich die Teilnehmer mit folgenden Materialien besch\u00e4ftigt haben:<\/strong><\/span><\/p>\n<p style=\"text-align: center;\"><span style=\"color: #000000;\">1) mit dem Buch <em>Erziehung ist Liebe<\/em> von Shinichi Suzuki<span style=\"color: #000080;\"><strong><br \/>\n<\/strong><\/span><\/span><span style=\"color: #000000;\">2) mit dem ersten Heft\/CD der <em>Suzuki Violin- bzw. Celloschule (Revised Edition)<\/em><\/span><br \/>\n<span style=\"color: #000000;\"> 3) mit dem Buch <strong><a href=\"https:\/\/www.imtex.info\/istex\/mediathek2\/artikelread.php?id=204\"><em><span style=\"color: #000080;\">Erziehung durch Musik<\/span><\/em><\/a><\/strong> von Kerstin Wartberg, kostenloser Download <a href=\"https:\/\/www.imtex-online.com\/mediathek\/article\/322\/001\/wartberg-kerstin-erziehungdurchmusik.html\/\"><span style=\"color: #000080;\"><strong>HIER<\/strong><\/span><\/a><\/span><br \/>\n<span style=\"color: #000000;\"> 4) mit den ersten zwei Heften und Audio-Dateien der Violinschule <em>SCHRITT f\u00fcr SCHRITT (nur f\u00fcr Geigenlehrer)<\/em><em><br \/>\n<\/em><\/span><\/p>\n<p><a href=\"http:\/\/www.germansuzuki.com\/wp-content\/uploads\/2012\/09\/100_days_practice.jpg\"><img decoding=\"async\" loading=\"lazy\" class=\" wp-image-4542 aligncenter\" style=\"border: 1px solid black;\" title=\"100_days_practice\" src=\"http:\/\/www.germansuzuki.com\/wp-content\/uploads\/2012\/09\/100_days_practice.jpg\" alt=\"\" width=\"575\" height=\"383\" \/><\/a>[\/vc_column_text][\/vc_column][\/vc_row][vc_row type=&#8220;in_container&#8220; full_screen_row_position=&#8220;middle&#8220; bg_color=&#8220;#b0e2ff&#8220; scene_position=&#8220;center&#8220; text_color=&#8220;dark&#8220; text_align=&#8220;left&#8220; top_padding=&#8220;30&#8243; bottom_padding=&#8220;30&#8243; id=&#8220;quote&#8220; overlay_strength=&#8220;0.3&#8243; shape_divider_position=&#8220;bottom&#8220; shape_type=&#8220;&#8220;][vc_column column_padding=&#8220;no-extra-padding&#8220; column_padding_position=&#8220;all&#8220; background_color_opacity=&#8220;1&#8243; background_hover_color_opacity=&#8220;1&#8243; column_shadow=&#8220;none&#8220; column_border_radius=&#8220;none&#8220; width=&#8220;1\/1&#8243; tablet_text_alignment=&#8220;default&#8220; phone_text_alignment=&#8220;default&#8220; column_border_width=&#8220;none&#8220; column_border_style=&#8220;solid&#8220;][vc_column_text]\n<h3><span style=\"color: #000080;\"><strong>Ausbildungsdauer und Pr\u00fcfungen<\/strong><\/span><\/h3>\n<p><span style=\"color: #000000;\">Die Ausbildung gliedert sich in zehn Abschnitte (Units), von denen jeder einzelne mit einer Pr\u00fcfung abgeschlossen wird. Die Pr\u00fcfungen k\u00f6nnen entweder im Rahmen der nachstehend aufgef\u00fchrten Jahreskurse oder auch einzeln abgelegt werden.<\/span><\/p>\n<p><strong><span style=\"color: #000080;\">1. Jahreskurs <\/span><span style=\"color: #000000;\">= Lehrbef\u00e4higung f\u00fcr den Anf\u00e4ngerunterricht, Heft 1<\/span><\/strong><br \/>\n<span style=\"color: #000000;\"><strong>Units 1A &amp; 1B: <\/strong>Einf\u00fchrungskurs &#8222;Grundlagen der Suzuki-Arbeit&#8220; &amp; Elementarstufe (Pre-Twinkle)<\/span><br \/>\n<span style=\"color: #000000;\"><strong>Unit 1C: <\/strong>Heft 1<\/span><\/p>\n<p><strong><span style=\"color: #000080;\">2. Jahreskurs <\/span><\/strong><span style=\"color: #000000;\"><strong>= Lehrbef\u00e4higung f\u00fcr den Anf\u00e4ngerunterricht bis zur unteren Mittelstufe, Heft 1 &#8211; Heft 3<\/strong><\/span><br \/>\n<span style=\"color: #000000;\"><strong>Unit 2: <\/strong> Heft 2<\/span><br \/>\n<span style=\"color: #000000;\"><strong>Unit 3: <\/strong> Heft 3<\/span><\/p>\n<p><strong><span style=\"color: #000080;\">3. Jahreskurs <\/span><\/strong><span style=\"color: #000000;\"><strong>= Lehrbef\u00e4higung f\u00fcr den Anf\u00e4ngerunterricht bis zur Mittelstufe, Heft 1 &#8211; Heft 5<\/strong><\/span><br \/>\n<span style=\"color: #000000;\"><strong>Unit 4: <\/strong>Heft 4<\/span><br \/>\n<span style=\"color: #000000;\"><strong>Unit 5<\/strong><strong>:\u00a0<\/strong>Heft 5<\/span><\/p>\n<p><strong><span style=\"color: #000080;\">4. Jahreskurs <\/span><\/strong><span style=\"color: #000000;\"><strong>= Lehrbef\u00e4higung f\u00fcr den Anf\u00e4ngerunterricht bis zur unteren Oberstufe, Heft 1 &#8211; Heft 7<\/strong><\/span><br \/>\n<span style=\"color: #000000;\"><strong>Unit 6: <\/strong>Heft 6<\/span><br \/>\n<span style=\"color: #000000;\"><strong>Unit 7: <\/strong>Heft 7<\/span><\/p>\n<p><strong><span style=\"color: #000000;\"><span style=\"color: #000080;\">5. Jahreskurs (Violine) <\/span><\/span><\/strong><span style=\"color: #000000;\"><strong>= Lehrbef\u00e4higung f\u00fcr den Anf\u00e4ngerunterricht bis zur Oberstufe, Heft 1 &#8211; Heft 10<\/strong><\/span><br \/>\n<span style=\"color: #000000;\"><strong>Unit 8: <\/strong>Heft 8<\/span><br \/>\n<span style=\"color: #000000;\"><strong>Unit 9: <\/strong>Erarbeitung und Auff\u00fchrung eines dieser drei Mozart-Konzerte:<\/span><br \/>\n<span style=\"color: #000000;\"><span class=\"mw-headline\">Violinkonzert Nr. 3 G-Dur, KV 216 <em>oder<br \/>\n<\/em><\/span><span id=\"Violinkonzert_Nr._4_D-Dur_KV_218_.281775.29\" class=\"mw-headline\">Violinkonzert Nr. 4 D-Dur, KV 218 <\/span><span id=\"Violinkonzert_Nr._5_A-Dur_KV_219_.281775.29\" class=\"mw-headline\"><em>oder<\/em><br \/>\nViolinkonzert Nr. 5 A-Dur, KV 219<\/span><\/span><br \/>\n<span style=\"color: #000000;\"><strong>Unit 10: <\/strong>Zusatzliteratur der Mittel- und Oberstufe<\/span><\/p>\n<p><span style=\"color: #000000;\"><strong><span style=\"color: #000080;\">5. Jahreskurs (Violoncello) <\/span>= Lehrbef\u00e4higung f\u00fcr den Anf\u00e4ngerunterricht bis zur Oberstufe, Heft 1 &#8211; Heft 10<\/strong><\/span><br \/>\n<span style=\"color: #000000;\"><strong>Unit 8: <\/strong>Heft 8<\/span><br \/>\n<span style=\"color: #000000;\"><strong>Unit 9: <\/strong>Erarbeitung eines dieser Konzerte:<\/span><br \/>\n<span style=\"color: #000000;\">Boccherini (Fassung Gr\u00fctzmacher),\u00a0\u00a0<span class=\"mw-headline\">Cellokonzert B-Dur <em>oder<\/em><\/span><span id=\"Violinkonzert_Nr._5_A-Dur_KV_219_.281775.29\" class=\"mw-headline\"><br \/>\nJ. Haydn, Cellokonzert C-Dur, Hob: VIIb<\/span><span id=\"Violinkonzert_Nr._3_G-Dur_KV_216_.281775.29\" class=\"mw-headline\"><\/span><\/span><br \/>\n<span style=\"color: #000000;\"><strong>Unit 10: <\/strong>Zusatzliteratur der Mittel- und Oberstufe<\/span><\/p>\n<p><strong><span style=\"color: #000080;\">Je nach Vorbildung des Teilnehmers ist es auch m\u00f6glich, mehrere Stufen auf einmal abzuschlie\u00dfen.<\/span><\/strong><\/p>\n<p><span style=\"color: #000000;\">Die Ausbildungskurse bereiten die Teilnehmer auf Pr\u00fcfungen vor, durch die sie in Deutschland die Lehrbef\u00e4higung als <span style=\"color: #000080;\"><strong>anerkannte Suzuki-Lehrer<\/strong><\/span> erlangen k\u00f6nnen.<\/span><\/p>\n<p><span style=\"color: #000080;\"><strong>M\u00f6glichkeit der aktiven Teilnahme an den Lehrerkursen ohne Pr\u00fcfungsabschluss<\/strong><\/span><br \/>\n<span style=\"color: #000000;\">Das Deutsche Suzuki Institut bietet interessierten Musikp\u00e4dagogen an, die Ausbildungskurse zu besuchen und die Inhalte aktiv zu erarbeiten. Danach k\u00f6nnen sie entscheiden, ob sie die betreffende Pr\u00fcfung ablegen wollen. Manche Teilnehmer sind prinzipiell nicht an einem offiziellen Suzukilehrer-Diplom interessiert, sondern nur an den Inhalten der Unterrichtsmethode. Andere wollen bestimmte Unterrichtsstoffe noch einmal auffrischen oder gezielt einen bestimmten Bereich erarbeiten.<\/span><br \/>\n<span style=\"color: #000000;\">Voraussetzung ist, dass keine Stufe \u00fcbersprungen wird, da die technische und musikalische Entwicklung systematisch aufeinander aufbaut.<\/span>[\/vc_column_text][\/vc_column][\/vc_row][vc_row type=&#8220;in_container&#8220; full_screen_row_position=&#8220;middle&#8220; scene_position=&#8220;center&#8220; text_color=&#8220;dark&#8220; text_align=&#8220;left&#8220; overlay_strength=&#8220;0.3&#8243; shape_divider_position=&#8220;bottom&#8220;][vc_column column_padding=&#8220;no-extra-padding&#8220; column_padding_position=&#8220;all&#8220; background_color_opacity=&#8220;1&#8243; background_hover_color_opacity=&#8220;1&#8243; column_shadow=&#8220;none&#8220; column_border_radius=&#8220;none&#8220; width=&#8220;1\/2&#8243; tablet_text_alignment=&#8220;default&#8220; phone_text_alignment=&#8220;default&#8220; column_border_width=&#8220;none&#8220; column_border_style=&#8220;solid&#8220;][vc_column_text]\n<h3><span style=\"color: #000080;\"><strong>Wo erhalte ich weitere Informationen?<\/strong><\/span><\/h3>\n<p><span style=\"color: #000000;\">Bei Herrn Stefan Kalkbrenner<\/span><br \/>\n<span style=\"color: #000000;\">Sekretariat<\/span><br \/>\n<span style=\"color: #000000;\">Telefonisch: +49 (0)2241-28946<\/span><br \/>\n<span style=\"color: #000000;\">Email: dsi@imtex-online.com <\/span>[\/vc_column_text][\/vc_column][vc_column column_padding=&#8220;no-extra-padding&#8220; column_padding_position=&#8220;all&#8220; background_color_opacity=&#8220;1&#8243; background_hover_color_opacity=&#8220;1&#8243; column_shadow=&#8220;none&#8220; column_border_radius=&#8220;none&#8220; width=&#8220;1\/2&#8243; tablet_text_alignment=&#8220;default&#8220; phone_text_alignment=&#8220;default&#8220; column_border_width=&#8220;none&#8220; column_border_style=&#8220;solid&#8220;][vc_column_text]\n<h3><span style=\"color: #000000;\"><strong><a href=\"https:\/\/www.germansuzuki.de\/?p=10340\"><span style=\"color: #000080;\">HIER<\/span><\/a><br \/>\nerfahren Sie mehr zur <\/strong><\/span>Bedeutung <span style=\"color: #000000;\"><strong>unserer Lehrerausbildung.<\/strong><\/span><\/h3>\n[\/vc_column_text][\/vc_column][\/vc_row][vc_row type=&#8220;in_container&#8220; full_screen_row_position=&#8220;middle&#8220; scene_position=&#8220;center&#8220; text_color=&#8220;dark&#8220; text_align=&#8220;left&#8220; overlay_strength=&#8220;0.3&#8243; shape_divider_position=&#8220;bottom&#8220;][vc_column column_padding=&#8220;no-extra-padding&#8220; column_padding_position=&#8220;all&#8220; background_color_opacity=&#8220;1&#8243; background_hover_color_opacity=&#8220;1&#8243; column_shadow=&#8220;none&#8220; column_border_radius=&#8220;none&#8220; width=&#8220;1\/2&#8243; tablet_text_alignment=&#8220;default&#8220; phone_text_alignment=&#8220;default&#8220; column_border_width=&#8220;none&#8220; column_border_style=&#8220;solid&#8220;][vc_column_text]\n<h3><span style=\"color: #000000;\"><strong>Deutsches Suzuki Institut<br \/>\n<\/strong><\/span><strong><span style=\"color: #000000;\">Staatlich anerkannte Lehrerausbildungseinrichtung<\/span><br \/>\n<span style=\"color: #000000;\"><img decoding=\"async\" loading=\"lazy\" class=\"size-thumbnail wp-image-7380 alignnone\" src=\"https:\/\/www.germansuzuki.de\/wp-content\/uploads\/2018\/05\/Imtex-Logo_final-150x150.jpg\" alt=\"\" width=\"150\" height=\"150\" srcset=\"https:\/\/www.germansuzuki.de\/wp-content\/uploads\/2018\/05\/Imtex-Logo_final-150x150.jpg 150w, https:\/\/www.germansuzuki.de\/wp-content\/uploads\/2018\/05\/Imtex-Logo_final-300x300.jpg 300w, https:\/\/www.germansuzuki.de\/wp-content\/uploads\/2018\/05\/Imtex-Logo_final-768x767.jpg 768w, https:\/\/www.germansuzuki.de\/wp-content\/uploads\/2018\/05\/Imtex-Logo_final-1024x1024.jpg 1024w, https:\/\/www.germansuzuki.de\/wp-content\/uploads\/2018\/05\/Imtex-Logo_final-100x100.jpg 100w, https:\/\/www.germansuzuki.de\/wp-content\/uploads\/2018\/05\/Imtex-Logo_final-140x140.jpg 140w, https:\/\/www.germansuzuki.de\/wp-content\/uploads\/2018\/05\/Imtex-Logo_final-500x500.jpg 500w, https:\/\/www.germansuzuki.de\/wp-content\/uploads\/2018\/05\/Imtex-Logo_final-350x350.jpg 350w, https:\/\/www.germansuzuki.de\/wp-content\/uploads\/2018\/05\/Imtex-Logo_final-1000x1000.jpg 1000w, https:\/\/www.germansuzuki.de\/wp-content\/uploads\/2018\/05\/Imtex-Logo_final-800x800.jpg 800w\" sizes=\"(max-width: 150px) 100vw, 150px\" \/><\/span><br \/>\n<span style=\"color: #000000;\">Member of IMTEX<\/span><br \/>\n<span style=\"color: #000000;\">International Music Teachers EXchange<\/span><br \/>\n<\/strong><\/h3>\n[\/vc_column_text][\/vc_column][vc_column column_padding=&#8220;no-extra-padding&#8220; column_padding_position=&#8220;all&#8220; background_color_opacity=&#8220;1&#8243; background_hover_color_opacity=&#8220;1&#8243; column_shadow=&#8220;none&#8220; column_border_radius=&#8220;none&#8220; width=&#8220;1\/2&#8243; tablet_text_alignment=&#8220;default&#8220; phone_text_alignment=&#8220;default&#8220; column_border_width=&#8220;none&#8220; column_border_style=&#8220;solid&#8220;][vc_column_text]\n<h3><span style=\"color: #000000;\"><strong>Werden Sie Mitglied unserer IMTEX-Gruppe!<\/strong><\/span><\/h3>\n<h3><strong><a href=\"https:\/\/www.facebook.com\/groups\/362815390754879\/?fref=ts\"><span style=\"color: #000080;\">IMTEX \u2013 International Music Teachers EXchange<\/span><\/a><\/strong><\/h3>\n<h2><strong><a href=\"http:\/\/en.germansuzuki.com\/wp-content\/uploads\/2014\/10\/index.jpg\"><img decoding=\"async\" loading=\"lazy\" class=\" alignnone\" src=\"http:\/\/en.germansuzuki.com\/wp-content\/uploads\/2014\/10\/index.jpg\" alt=\"index\" width=\"91\" height=\"91\" \/><\/a><\/strong><\/h2>\n[\/vc_column_text][\/vc_column][\/vc_row]\n","protected":false},"excerpt":{"rendered":"<p>[vc_row type=&#8220;in_container&#8220; full_screen_row_position=&#8220;middle&#8220; scene_position=&#8220;center&#8220; text_color=&#8220;dark&#8220; text_align=&#8220;center&#8220; overlay_strength=&#8220;0.3&#8243; shape_divider_position=&#8220;bottom&#8220; shape_type=&#8220;&#8220;][vc_column column_padding=&#8220;no-extra-padding&#8220; column_padding_position=&#8220;all&#8220; background_color_opacity=&#8220;1&#8243; background_hover_color_opacity=&#8220;1&#8243; column_shadow=&#8220;none&#8220; column_border_radius=&#8220;none&#8220; width=&#8220;1\/2&#8243; tablet_text_alignment=&#8220;default&#8220; phone_text_alignment=&#8220;default&#8220; column_border_width=&#8220;none&#8220; column_border_style=&#8220;solid&#8220;][vc_column_text] Suzuki Teacher Training Suzuki-Lehrerausbildung PLUS Die Inhalte basieren auf den&#8230;<\/p>\n","protected":false},"author":2,"featured_media":4542,"parent":0,"menu_order":2,"comment_status":"closed","ping_status":"closed","template":"","meta":[],"_links":{"self":[{"href":"https:\/\/www.germansuzuki.de\/index.php?rest_route=\/wp\/v2\/pages\/3712"}],"collection":[{"href":"https:\/\/www.germansuzuki.de\/index.php?rest_route=\/wp\/v2\/pages"}],"about":[{"href":"https:\/\/www.germansuzuki.de\/index.php?rest_route=\/wp\/v2\/types\/page"}],"author":[{"embeddable":true,"href":"https:\/\/www.germansuzuki.de\/index.php?rest_route=\/wp\/v2\/users\/2"}],"replies":[{"embeddable":true,"href":"https:\/\/www.germansuzuki.de\/index.php?rest_route=%2Fwp%2Fv2%2Fcomments&post=3712"}],"version-history":[{"count":289,"href":"https:\/\/www.germansuzuki.de\/index.php?rest_route=\/wp\/v2\/pages\/3712\/revisions"}],"predecessor-version":[{"id":10802,"href":"https:\/\/www.germansuzuki.de\/index.php?rest_route=\/wp\/v2\/pages\/3712\/revisions\/10802"}],"wp:featuredmedia":[{"embeddable":true,"href":"https:\/\/www.germansuzuki.de\/index.php?rest_route=\/wp\/v2\/media\/4542"}],"wp:attachment":[{"href":"https:\/\/www.germansuzuki.de\/index.php?rest_route=%2Fwp%2Fv2%2Fmedia&parent=3712"}],"curies":[{"name":"wp","href":"https:\/\/api.w.org\/{rel}","templated":true}]}}