{"id":1519,"date":"2010-05-04T15:26:15","date_gmt":"2010-05-04T13:26:15","guid":{"rendered":"http:\/\/www.germansuzuki.com\/?page_id=1519"},"modified":"2018-06-02T06:52:22","modified_gmt":"2018-06-02T04:52:22","slug":"weltweite-verbreitung-und-anerkennung","status":"publish","type":"page","link":"https:\/\/www.germansuzuki.de\/?page_id=1519","title":{"rendered":"Internationale Anerkennung"},"content":{"rendered":"[vc_row type=&#8220;in_container&#8220; full_screen_row_position=&#8220;middle&#8220; scene_position=&#8220;center&#8220; text_color=&#8220;dark&#8220; text_align=&#8220;left&#8220; top_padding=&#8220;30px&#8220; bottom_padding=&#8220;30px&#8220; overlay_strength=&#8220;0.3&#8243; shape_divider_position=&#8220;bottom&#8220; shape_type=&#8220;&#8220;][vc_column column_padding=&#8220;no-extra-padding&#8220; column_padding_position=&#8220;all&#8220; background_color_opacity=&#8220;1&#8243; background_hover_color_opacity=&#8220;1&#8243; column_shadow=&#8220;none&#8220; column_border_radius=&#8220;none&#8220; width=&#8220;1\/1&#8243; tablet_text_alignment=&#8220;default&#8220; phone_text_alignment=&#8220;default&#8220; column_border_width=&#8220;none&#8220; column_border_style=&#8220;solid&#8220;][vc_column_text]\n<h2><span style=\"color: #000080;\">Internationale Anerkennung<\/span><\/h2>\n<p><span style=\"color: #000000;\">Shinichi Suzuki arbeitete unerm\u00fcdlich an der Weiterentwicklung seiner Methode. Die \u00fcberzeugenden Leistungen seiner Sch\u00fcler, der Aufbau des Lehrerausbildungsinstitutes in Matsumoto\/Japan und zahlreiche Vortragsreisen in die USA und nach Europa sowie Kontakte zu einflussreichen Musikerpers\u00f6nlichkeiten haben zu einer weltweiten Verbreitung seiner Instrumentalp\u00e4dagogik gef\u00fchrt.<\/span><\/p>\n<p style=\"text-align: justify;\"><span style=\"color: #000000;\">Zahlreiche ausl\u00e4ndische K\u00fcnstler kamen aber auch nach Japan und besuchten Suzuki mit seinen Sch\u00fclern. Unter ihnen waren u.a.<\/span><span style=\"color: #000080;\"> <em><strong>Arthur Grumiaux, David Oistrach, Marcel Moyse, William Primrose, Yehudi Menuhin, Alfred Cortot<\/strong><\/em><\/span> und <span style=\"color: #000080;\"><em><strong>Mstislaw Rostropovich<\/strong><\/em>.<\/span> <span style=\"color: #000000;\">Alle G\u00e4ste waren beeindruckt von Suzukis Arbeit und best\u00e4rkten ihn darin, seinen Weg fortzusetzen.<\/span><\/p>\n<p><span style=\"color: #000000;\">Einer der ersten gro\u00dfen K\u00fcnstler, die zu Suzuki nach Japan kamen, war <span style=\"color: #333399;\"><em><strong>Pablo Casals<\/strong><\/em><\/span>. Fritz Kreisler bezeichnete ihn einmal als \u201eden K\u00f6nig des Bogens\u201c (J. Ma. Corredor: Gespr\u00e4che mit Casals) und <em><strong><span style=\"color: #333399;\">George Enescu<\/span><\/strong><\/em>, bei dem <em><strong><span style=\"color: #333399;\">Koji Toyoda<\/span><\/strong><\/em> zwei Jahre studierte, sagte \u00fcber Pablo Casals: \u201eCasals bleibt unser aller Lehrer.\u201c Auch <em><strong><span style=\"color: #333399;\">Albert Einstein<\/span><\/strong><\/em>, mit dem Suzuki w\u00e4hrend seiner Berliner Studienjahre h\u00e4ufig zusammentraf, dr\u00fcckte seine Wertsch\u00e4tzung f\u00fcr den einzigartigen K\u00fcnstler und seine Hochachtung vor seinem Wesen aus. <\/span><\/p>\n<p><span style=\"color: #000000;\">Er \u00e4u\u00dferte \u00fcber Casals: \u201eWas ich an ihm besonders bewundere, ist seine charaktervolle Haltung&#8230; Er hat klar erkannt, da\u00df die Welt mehr bedroht ist durch die, welche das \u00dcbel dulden oder ihm Vorschub leisten, als durch die \u00dcbelt\u00e4ter selbst&#8230; \u201c<\/span><\/p>\n<div id=\"attachment_268\" style=\"width: 310px\" class=\"wp-caption alignright\"><a style=\"color: #000000;\" href=\"https:\/\/en.germansuzuki.com\/wp-content\/uploads\/2010\/08\/Casals_mit_Martita.jpg\"><img aria-describedby=\"caption-attachment-268\" decoding=\"async\" loading=\"lazy\" class=\"wp-image-268 size-medium\" style=\"border: 1px solid black;\" title=\"Casals_mit_Martita\" src=\"https:\/\/en.germansuzuki.com\/wp-content\/uploads\/2010\/08\/Casals_mit_Martita-300x185.jpg\" alt=\"\" width=\"300\" height=\"185\" \/><\/a><p id=\"caption-attachment-268\" class=\"wp-caption-text\"><span style=\"color: #000000;\">Pablo Casals mit seiner Ehefrau Martita<\/span><\/p><\/div>\n<p><span style=\"color: #000000;\">Suzuki verehrte Casals aus ganzem Herzen, sowohl als Mensch, als auch als K\u00fcnstler. Er besa\u00df alle seine Aufnahmen und bewunderte seine besondere Tongebung und seine tiefe musikalische Aussagekraft. Suzuki war nat\u00fcrlich \u00fcbergl\u00fccklich, da\u00df er mit dem gro\u00dfen K\u00fcnstler zusammentreffen konnte, und veranstaltete ihm zu Ehren ein gro\u00dfes Festkonzert.<\/span><\/p>\n<p><span style=\"color: #000000;\">Als dann Pablo Casals mit seiner Frau am 16. April 1961 die Bunkyo-Halle in Tokio betrat, standen 400 Kinder im Alter von 5-12 Jahren auf der B\u00fchne, die nur darauf warteten, den gro\u00dfen Meister musikalisch begr\u00fc\u00dfen zu d\u00fcrfen. Die Eltern der Sch\u00fcler und die Lehrer des Talent Erziehungsinstitutes empfingen das Ehepaar mit begeistertem Beifall. Sobald sich Casals hingesetzt hatte, begannen die Kinder zu spielen. Der Maestro h\u00f6rte sehr aufmerksam zu, und die starke Ausstrahlung der musizierenden Kinder bewegte Casals ganz offensichtlich. Ihre Unbefangenheit, die Feinheit und Genauigkeit ihres Spiels entlockten ihm immer wieder begeisterte Ausrufe. <\/span><\/p>\n<p><span style=\"color: #000000;\">Suzuki erinnert sich noch heute ganz genau an diesen <\/span><span style=\"color: #000000;\">historischen Moment. In seinem Buch \u201eErziehung ist Liebe\u201c beschreibt er die Szene folgenderma\u00dfen: \u201eUnd als die Kinder das Vivaldi-Konzert und das Doppelkonzert von Bach spielten, erreichte seine Erregung ihren H\u00f6hepunkt. Pablo Casals weinte, seine Augen f\u00fcllten sich mit Tr\u00e4nen, und sein Mund zuckte vor R\u00fchrung. Als schlie\u00dflich f\u00fcnfzehn oder sechzehn Kinder, die von Yoshio Sato, einem Sch\u00fcler von Casals, auf dem Cello ausgebildet worden waren, den \u201aSchwan\u2018 von Saint-Sa\u00ebns und eine Bourr\u00e9e von Bach spielten, kannte des Meisters Erregung keine Grenzen.<\/span><br \/>\n<span style=\"color: #000000;\">Nach der Auff\u00fchrung ging ich zu Casals, um ihm f\u00fcr seine Anwesenheit zu danken, aber bevor ich aussprechen konnte, legte er beide Arme um mich und weinte still an meiner Schulter. Wie oft hatte ich selbst \u00fcber die wunderbare unbefangene \u00c4u\u00dferung dieser kindlichen Lebenskraft geweint! <\/span><\/p>\n<p><span style=\"color: #000000;\">In diesem erhabenen Augenblick <\/span><span style=\"color: #000000;\">stand nun der f\u00fcnfundachtzigj\u00e4hrige gro\u00dfe Meister selbst sprachlos vor dem klangvollen Ausdruck dieser Lebenskraft. Herr und Frau Casals kamen auf das Podium und streichelten die K\u00f6pfe der Kinder.<\/span><br \/>\n<span style=\"color: #000000;\">In der Mitte des Podiums hatte man St\u00fchle f\u00fcr sie aufgestellt. Mit den H\u00e4nden voll Blumen, die ihnen die Kinder \u00fcberreicht hatten, nahmen sie Platz. Umgeben von den niedlichen kleinen japanischen Kindern und mit einer Stimme, die vor R\u00fchrung zitterte, sprach der Meister ins Mikrophon:<\/span><\/p>\n<p><span style=\"color: #000000;\">\u201aMeine Damen und Herren! Ich nehme an einer der bewegendsten Szenen teil, die man erleben kann. Was wir hier vor uns sehen, hat eine viel gr\u00f6\u00dfere Bedeutung, als es scheinen mag. Ich glaube nicht, da\u00df wir in irgendeinem anderen Land dieser <\/span><span style=\"color: #000000;\">Erde einen derartigen Geist von Br\u00fcderlichkeit und Herzlichkeit in einer solchen Vollendung finden werden. In jedem Augenblick, den ich den Vorzug habe, in diesem Land zu sein, sp\u00fcre ich die Beweise des Herzens und den Wunsch nach einer besseren Welt. Das hat mich in diesem Lande besonders beeindruckt: das un\u00fcbertroffene Verlangen nach den h\u00f6chsten Dingen des Lebens.<br \/>\nWie wunderbar <\/span><span style=\"color: #000000;\">ist es zu sehen, da\u00df die Erwachsenen an die Kleinsten denken, so wie diese hier, um sie von Anfang an edle Gef\u00fchle und vornehme Taten zu lehren. Und dazu geh\u00f6rt die Musik. So geben sie ihnen eine musikalische Ausbildung, die ihnen die Einsicht vermittelt, da\u00df Musik nicht nur eine klingende Kunst ist, wonach man tanzen und woran man Spa\u00df haben kann, sondern da\u00df sie etwas derart<\/span><br \/>\n<span style=\"color: #000000;\">Erhabenes im Leben bedeutet, da\u00df sie vielleicht sogar die Rettung f\u00fcr die Welt bringen kann.<\/span><br \/>\n<span style=\"color: #000000;\">Nicht nur gratuliere ich Ihnen, den Lehrern und den Erwachsenen, sondern ich m\u00f6chte Ihnen gleichzeitig meine Bewunderung, meine Hochachtung und meine herzlichsten Gl\u00fcckw\u00fcnsche ausdr\u00fccken.<\/span><br \/>\n<span style=\"color: #000000;\">Und was ich dar\u00fcberhinaus in diesem Augenblick sagen m\u00f6chte: die Japaner sind ein gro\u00dfes Volk, nicht nur wegen ihrer industriellen, wirtschaftlichen und k\u00fcnstlerischen Leistungen, sondern weil Japan &#8211; so m\u00f6chte ich sagen &#8211; das Herz des Herzens ist, und das braucht die Menschheit vor allem, vor allem, vor allem.\u2018<\/span><br \/>\n<span style=\"color: #000000;\">Es folgt eine Audio-Aufnahme der historischen Rede:<\/span><\/p>\n<h2 class=\"title style-scope ytd-video-primary-info-renderer\"><span style=\"color: #000080;\">Casals Rede beim Suzuki-Konzert in Tokio am 16. April 1961<br \/>\n<\/span><\/h2>\n[\/vc_column_text][\/vc_column][\/vc_row][vc_row type=&#8220;in_container&#8220; full_screen_row_position=&#8220;middle&#8220; scene_position=&#8220;center&#8220; text_color=&#8220;dark&#8220; text_align=&#8220;left&#8220; overlay_strength=&#8220;0.3&#8243; shape_divider_position=&#8220;bottom&#8220;][vc_column column_padding=&#8220;no-extra-padding&#8220; column_padding_position=&#8220;all&#8220; background_color_opacity=&#8220;1&#8243; background_hover_color_opacity=&#8220;1&#8243; column_shadow=&#8220;none&#8220; column_border_radius=&#8220;none&#8220; width=&#8220;1\/1&#8243; tablet_text_alignment=&#8220;default&#8220; phone_text_alignment=&#8220;default&#8220; column_border_width=&#8220;none&#8220; column_border_style=&#8220;solid&#8220;][vc_video link=&#8220;https:\/\/www.youtube.com\/watch?v=bokqVaQehkE&#8220; el_width=&#8220;60&#8243;][\/vc_column][\/vc_row][vc_row type=&#8220;in_container&#8220; full_screen_row_position=&#8220;middle&#8220; bg_color=&#8220;#b0e2ff&#8220; scene_position=&#8220;center&#8220; text_color=&#8220;dark&#8220; text_align=&#8220;left&#8220; top_padding=&#8220;30&#8243; bottom_padding=&#8220;30&#8243; id=&#8220;quote&#8220; overlay_strength=&#8220;0.3&#8243; shape_divider_position=&#8220;bottom&#8220; shape_type=&#8220;&#8220;][vc_column column_padding=&#8220;no-extra-padding&#8220; column_padding_position=&#8220;all&#8220; background_color=&#8220;#b0e2ff&#8220; background_color_opacity=&#8220;1&#8243; background_hover_color_opacity=&#8220;1&#8243; font_color=&#8220;#000000&#8243; column_shadow=&#8220;none&#8220; column_border_radius=&#8220;none&#8220; width=&#8220;1\/1&#8243; tablet_text_alignment=&#8220;default&#8220; phone_text_alignment=&#8220;default&#8220; column_border_width=&#8220;none&#8220; column_border_style=&#8220;solid&#8220;][vc_column_text]\n<h3 style=\"text-align: left;\"><strong>In unserer Online Mediathek k\u00f6nnen Sie das <\/strong>eBook<\/h3>\n<h3 style=\"text-align: left;\"><a href=\"https:\/\/www.imtex.info\/istex\/mediathek2\/artikelread.php?id=203\"><span style=\"color: #000080;\">SHINICHI SUZUKI: Pionier der Musikerziehung<\/span><\/a><\/h3>\n<h3 style=\"text-align: left;\">kostenlos herunterladen.<\/h3>\n<p style=\"text-align: left;\"><span style=\"color: #000080;\"><em><strong>Es enth\u00e4lt weitere Informationen \u00fcber diese spannende Zeit des Aufbaus und der Weiterentwicklung der Suzuki-Arbeit.<\/strong><\/em><\/span><\/p>\n<p style=\"text-align: left;\"><strong>Kurzbeschreibung:<\/strong><br \/>\nAuf 42 Seiten stellt Kerstin Wartberg wesentliche Stationen von Shinichi Suzukis Lebensweg in Wort und Bild vor:<\/p>\n<ul style=\"text-align: left;\">\n<li>Sein Elternhaus<\/li>\n<li>Kindheit und Jugend<\/li>\n<li>Schicksalhafte Jahre<\/li>\n<li>Waltraud<\/li>\n<li>Aufbau und Entwicklung seines Unterrichtswerkes<\/li>\n<li>Amerika \u2013 Japan \u2013 Internationale Zusammenarbeit<\/li>\n<\/ul>\n<p style=\"text-align: left;\">Die in dieser Lebensbeschreibung verwendeten Informationen stammen gro\u00dfenteils von Shinichi Suzuki und seiner Ehefrau pers\u00f6nlich.<br \/>\nAlle hier wiedergegebenen Fotos wurden der Verfasserin im Jahre 1995 von Frau Waltraud Suzuki zum Geschenk gemacht.<\/p>\n<h2><a href=\"https:\/\/www.imtex.info\/istex\/mediathek2\/artikelread.php?id=203\"><span style=\"color: #800000;\">KOSTENLOSER DOWNLOAD<\/span><\/a><\/h2>\n[\/vc_column_text][\/vc_column][\/vc_row][vc_row type=&#8220;in_container&#8220; full_screen_row_position=&#8220;middle&#8220; scene_position=&#8220;center&#8220; text_color=&#8220;dark&#8220; text_align=&#8220;left&#8220; overlay_strength=&#8220;0.3&#8243; shape_divider_position=&#8220;bottom&#8220;][vc_column column_padding=&#8220;no-extra-padding&#8220; column_padding_position=&#8220;all&#8220; background_color_opacity=&#8220;1&#8243; background_hover_color_opacity=&#8220;1&#8243; column_shadow=&#8220;none&#8220; column_border_radius=&#8220;none&#8220; width=&#8220;1\/1&#8243; tablet_text_alignment=&#8220;default&#8220; phone_text_alignment=&#8220;default&#8220; column_border_width=&#8220;none&#8220; column_border_style=&#8220;solid&#8220;][vc_column_text]<img decoding=\"async\" loading=\"lazy\" class=\"wp-image-7442 alignnone\" src=\"https:\/\/www.germansuzuki.de\/wp-content\/uploads\/2018\/06\/Foto_startseite_IMTEX-300x95.jpg\" alt=\"\" width=\"625\" height=\"198\" srcset=\"https:\/\/www.germansuzuki.de\/wp-content\/uploads\/2018\/06\/Foto_startseite_IMTEX-300x95.jpg 300w, https:\/\/www.germansuzuki.de\/wp-content\/uploads\/2018\/06\/Foto_startseite_IMTEX-768x243.jpg 768w, https:\/\/www.germansuzuki.de\/wp-content\/uploads\/2018\/06\/Foto_startseite_IMTEX.jpg 1023w\" sizes=\"(max-width: 625px) 100vw, 625px\" \/><\/p>\n<h4 style=\"text-align: left;\"><strong>Weitere Aufs\u00e4tze, Videos und eBooks erhalten Sie in unserer <\/strong><\/h4>\n<h2 style=\"text-align: left;\"><strong><a href=\"https:\/\/www.imtex.info\/index.php?id=24\">ONLINE MEDIATHEK.<\/a><\/strong><\/h2>\n[\/vc_column_text][vc_column_text]\n[\/vc_column_text][\/vc_column][\/vc_row]\n","protected":false},"excerpt":{"rendered":"<p>[vc_row type=&#8220;in_container&#8220; full_screen_row_position=&#8220;middle&#8220; scene_position=&#8220;center&#8220; text_color=&#8220;dark&#8220; text_align=&#8220;left&#8220; top_padding=&#8220;30px&#8220; bottom_padding=&#8220;30px&#8220; overlay_strength=&#8220;0.3&#8243; shape_divider_position=&#8220;bottom&#8220; shape_type=&#8220;&#8220;][vc_column column_padding=&#8220;no-extra-padding&#8220; column_padding_position=&#8220;all&#8220; background_color_opacity=&#8220;1&#8243; background_hover_color_opacity=&#8220;1&#8243; column_shadow=&#8220;none&#8220; column_border_radius=&#8220;none&#8220; width=&#8220;1\/1&#8243; tablet_text_alignment=&#8220;default&#8220; phone_text_alignment=&#8220;default&#8220; column_border_width=&#8220;none&#8220; column_border_style=&#8220;solid&#8220;][vc_column_text] Internationale Anerkennung Shinichi Suzuki arbeitete unerm\u00fcdlich an der&#8230;<\/p>\n","protected":false},"author":2,"featured_media":0,"parent":0,"menu_order":3,"comment_status":"closed","ping_status":"closed","template":"","meta":[],"_links":{"self":[{"href":"https:\/\/www.germansuzuki.de\/index.php?rest_route=\/wp\/v2\/pages\/1519"}],"collection":[{"href":"https:\/\/www.germansuzuki.de\/index.php?rest_route=\/wp\/v2\/pages"}],"about":[{"href":"https:\/\/www.germansuzuki.de\/index.php?rest_route=\/wp\/v2\/types\/page"}],"author":[{"embeddable":true,"href":"https:\/\/www.germansuzuki.de\/index.php?rest_route=\/wp\/v2\/users\/2"}],"replies":[{"embeddable":true,"href":"https:\/\/www.germansuzuki.de\/index.php?rest_route=%2Fwp%2Fv2%2Fcomments&post=1519"}],"version-history":[{"count":47,"href":"https:\/\/www.germansuzuki.de\/index.php?rest_route=\/wp\/v2\/pages\/1519\/revisions"}],"predecessor-version":[{"id":7521,"href":"https:\/\/www.germansuzuki.de\/index.php?rest_route=\/wp\/v2\/pages\/1519\/revisions\/7521"}],"wp:attachment":[{"href":"https:\/\/www.germansuzuki.de\/index.php?rest_route=%2Fwp%2Fv2%2Fmedia&parent=1519"}],"curies":[{"name":"wp","href":"https:\/\/api.w.org\/{rel}","templated":true}]}}