{"id":10191,"date":"2021-03-21T18:24:21","date_gmt":"2021-03-21T16:24:21","guid":{"rendered":"https:\/\/www.germansuzuki.de\/?page_id=10191"},"modified":"2021-03-21T18:24:21","modified_gmt":"2021-03-21T16:24:21","slug":"wartberg-noten-cds-2","status":"publish","type":"page","link":"https:\/\/www.germansuzuki.de\/?page_id=10191","title":{"rendered":"Wartberg Noten &#038; CDs"},"content":{"rendered":"[vc_row type=&#8220;in_container&#8220; full_screen_row_position=&#8220;middle&#8220; scene_position=&#8220;center&#8220; text_color=&#8220;dark&#8220; text_align=&#8220;left&#8220; overlay_strength=&#8220;0.3&#8243; shape_divider_position=&#8220;bottom&#8220;][vc_column column_padding=&#8220;no-extra-padding&#8220; column_padding_position=&#8220;all&#8220; background_color_opacity=&#8220;1&#8243; background_hover_color_opacity=&#8220;1&#8243; column_shadow=&#8220;none&#8220; column_border_radius=&#8220;none&#8220; width=&#8220;1\/1&#8243; tablet_text_alignment=&#8220;default&#8220; phone_text_alignment=&#8220;default&#8220; column_border_width=&#8220;none&#8220; column_border_style=&#8220;solid&#8220;][vc_column_text]\n<h1 style=\"text-align: center;\"><span style=\"color: #000000;\"><strong>Gedruckte \u00dcbungshefte und -CDs<br \/>\nzur Suzuki Violinschule von Kerstin Wartberg<\/strong><\/span><\/h1>\n<h4 style=\"text-align: center;\"><span style=\"color: #000080;\"><strong><span style=\"color: #000080;\"><a style=\"color: #000080;\" href=\"https:\/\/www.imtex-online.com\/mediathek\/media-library\/206.html\/\">STREAMING aller Audio-Dateien <\/a> <\/span><span style=\"color: #000000;\">in der IMTEX Online Mediathek<\/span><\/strong><\/span><\/h4>\n[\/vc_column_text]<div class=\"divider-wrap\"><div style=\"height: 25px;\" class=\"divider\"><\/div><\/div>[\/vc_column][\/vc_row][vc_row type=&#8220;in_container&#8220; full_screen_row_position=&#8220;middle&#8220; scene_position=&#8220;center&#8220; text_color=&#8220;dark&#8220; text_align=&#8220;left&#8220; overlay_strength=&#8220;0.3&#8243; shape_divider_position=&#8220;bottom&#8220;][vc_column column_padding=&#8220;no-extra-padding&#8220; column_padding_position=&#8220;all&#8220; background_color=&#8220;#dddddd&#8220; background_color_opacity=&#8220;1&#8243; background_hover_color_opacity=&#8220;1&#8243; column_shadow=&#8220;none&#8220; column_border_radius=&#8220;none&#8220; width=&#8220;1\/1&#8243; tablet_text_alignment=&#8220;default&#8220; phone_text_alignment=&#8220;default&#8220; column_border_width=&#8220;none&#8220; column_border_style=&#8220;solid&#8220;]<div class=\"divider-wrap\"><div style=\"height: 25px;\" class=\"divider\"><\/div><\/div>[vc_column_text css=&#8220;.vc_custom_1615214467310{background-color: #dddddd !important;}&#8220;]\n<div class=\"col span_12 dark left\">\n<div class=\"vc_col-sm-12 wpb_column column_container vc_column_container col no-extra-padding instance-0\" data-border-radius=\"none\" data-shadow=\"none\" data-border-animation=\"\" data-border-animation-delay=\"\" data-border-width=\"none\" data-border-style=\"solid\" data-border-color=\"\" data-bg-cover=\"\" data-padding-pos=\"all\" data-has-bg-color=\"false\" data-bg-color=\"\" data-bg-opacity=\"1\" data-hover-bg=\"\" data-hover-bg-opacity=\"1\" data-animation=\"\" data-delay=\"0\">\n<div class=\"vc_column-inner\">\n<div class=\"wpb_wrapper\">\n<div class=\"wpb_text_column wpb_content_element \">\n<div class=\"wpb_wrapper\">\n<h3 style=\"text-align: center;\"><strong><span style=\"color: #000080;\"><a style=\"color: #000080;\" href=\"https:\/\/www.germansuzuki.de\/?page_id=519\">SCHRITT f\u00fcr SCHRITT<\/a><\/span><br \/>\n<span style=\"color: #000000;\">Eine Violinschule nach der Muttersprachenmethode<\/span><br \/>\n<\/strong><\/h3>\n<h3 style=\"text-align: center;\"><span style=\"color: #000000;\">Band 1A, 1B, 2A, 2B, 3A, 3B <strong>(Alfred)<\/strong> basieren auf der <\/span><span style=\"color: #000080;\">Suzuki Violinschule, Band 1-3<\/span><\/h3>\n<div class=\"wpb_text_column wpb_content_element \">\n<div class=\"wpb_wrapper\">\n<h3><\/h3>\n<\/div>\n<\/div>\n<\/div>\n<\/div>\n<\/div>\n<\/div>\n<\/div>\n<\/div>\n[\/vc_column_text]<div class=\"divider-wrap\"><div style=\"height: 25px;\" class=\"divider\"><\/div><\/div>[\/vc_column][\/vc_row][vc_row type=&#8220;in_container&#8220; full_screen_row_position=&#8220;middle&#8220; scene_position=&#8220;center&#8220; text_color=&#8220;dark&#8220; text_align=&#8220;left&#8220; overlay_strength=&#8220;0.3&#8243; shape_divider_position=&#8220;bottom&#8220;][vc_column column_padding=&#8220;no-extra-padding&#8220; column_padding_position=&#8220;all&#8220; background_color_opacity=&#8220;1&#8243; background_hover_color_opacity=&#8220;1&#8243; column_shadow=&#8220;none&#8220; column_border_radius=&#8220;none&#8220; width=&#8220;1\/3&#8243; tablet_text_alignment=&#8220;default&#8220; phone_text_alignment=&#8220;default&#8220; column_border_width=&#8220;none&#8220; column_border_style=&#8220;solid&#8220;][vc_column_text]\n<h3 id=\"productTitle\" style=\"text-align: center;\"><a href=\"https:\/\/www.germansuzuki.de\/wp-content\/uploads\/2020\/12\/SCHRITT-1A-1.jpg\"><img decoding=\"async\" loading=\"lazy\" class=\"aligncenter size-full wp-image-10030\" src=\"https:\/\/www.germansuzuki.de\/wp-content\/uploads\/2020\/12\/SCHRITT-1A-1.jpg\" alt=\"\" width=\"567\" height=\"785\" srcset=\"https:\/\/www.germansuzuki.de\/wp-content\/uploads\/2020\/12\/SCHRITT-1A-1.jpg 567w, https:\/\/www.germansuzuki.de\/wp-content\/uploads\/2020\/12\/SCHRITT-1A-1-217x300.jpg 217w\" sizes=\"(max-width: 567px) 100vw, 567px\" \/><\/a><span style=\"color: #000080;\"><a style=\"color: #000080;\" href=\"https:\/\/www.alle-noten.de\/Streicher\/Violine\/Schritt-fuer-Schritt-Band-1A.html?utm_source=suzuki&amp;utm_medium=partner&amp;utm_campaign=suz\"><strong>Wartberg: Schritt f\u00fcr Schritt, Band 1A<\/strong><\/a><\/span><\/h3>\n<p style=\"text-align: center;\"><span class=\"small text-muted\"><span style=\"color: #000080;\"><a style=\"color: #000080;\" href=\"https:\/\/www.alle-noten.de\/Streicher\/Violine\/Schritt-fuer-Schritt-Band-1A.html?utm_source=suzuki&amp;utm_medium=partner&amp;utm_campaign=suz\">Artikelnummer: ALF20060G (134-036\/1)<\/a><\/span><br \/>\n<span style=\"color: #000080;\"><a style=\"color: #000080;\" href=\"https:\/\/www.alle-noten.de\/Streicher\/Violine\/Schritt-fuer-Schritt-Band-1A.html?utm_source=suzuki&amp;utm_medium=partner&amp;utm_campaign=suz\"><strong>Verlag:<\/strong> Alfred Publications<\/a><\/span><br \/>\n<\/span><\/p>\n[\/vc_column_text][\/vc_column][vc_column column_padding=&#8220;no-extra-padding&#8220; column_padding_position=&#8220;all&#8220; background_color_opacity=&#8220;1&#8243; background_hover_color_opacity=&#8220;1&#8243; column_shadow=&#8220;none&#8220; column_border_radius=&#8220;none&#8220; width=&#8220;1\/3&#8243; tablet_text_alignment=&#8220;default&#8220; phone_text_alignment=&#8220;default&#8220; column_border_width=&#8220;none&#8220; column_border_style=&#8220;solid&#8220;][vc_column_text]\n<h3 style=\"text-align: center;\"><a href=\"https:\/\/www.germansuzuki.de\/wp-content\/uploads\/2020\/12\/SCHRITT-1B.jpg\"><img decoding=\"async\" loading=\"lazy\" class=\"aligncenter size-full wp-image-10031\" src=\"https:\/\/www.germansuzuki.de\/wp-content\/uploads\/2020\/12\/SCHRITT-1B.jpg\" alt=\"\" width=\"590\" height=\"785\" srcset=\"https:\/\/www.germansuzuki.de\/wp-content\/uploads\/2020\/12\/SCHRITT-1B.jpg 590w, https:\/\/www.germansuzuki.de\/wp-content\/uploads\/2020\/12\/SCHRITT-1B-225x300.jpg 225w\" sizes=\"(max-width: 590px) 100vw, 590px\" \/><\/a><span style=\"color: #000080;\"><a style=\"color: #000080;\" href=\"https:\/\/www.alle-noten.de\/Streicher\/Violine\/Schritt-fuer-Schritt-Band-1B.html?utm_source=suzuki&amp;utm_medium=partner&amp;utm_campaign=suz\">Wartberg: Schritt f\u00fcr Schritt, Band 1B<\/a><\/span><\/h3>\n<p style=\"text-align: center;\"><span class=\"small text-muted\" style=\"color: #000000;\"><span style=\"color: #000080;\"><a style=\"color: #000080;\" href=\"https:\/\/www.alle-noten.de\/Streicher\/Violine\/Schritt-fuer-Schritt-Band-1B.html?utm_source=suzuki&amp;utm_medium=partner&amp;utm_campaign=suz\">Artikelnummer: ALF20140GER (114-671\/2)<\/a><\/span><br \/>\n<span style=\"color: #000080;\"><a style=\"color: #000080;\" href=\"https:\/\/www.alle-noten.de\/Streicher\/Violine\/Schritt-fuer-Schritt-Band-1B.html?utm_source=suzuki&amp;utm_medium=partner&amp;utm_campaign=suz\"><strong>Verlag:<\/strong> Alfred Publishing<\/a><\/span><br \/>\n<\/span><\/p>\n[\/vc_column_text][\/vc_column][vc_column column_padding=&#8220;no-extra-padding&#8220; column_padding_position=&#8220;all&#8220; background_color_opacity=&#8220;1&#8243; background_hover_color_opacity=&#8220;1&#8243; column_shadow=&#8220;none&#8220; column_border_radius=&#8220;none&#8220; width=&#8220;1\/3&#8243; tablet_text_alignment=&#8220;default&#8220; phone_text_alignment=&#8220;default&#8220; column_border_width=&#8220;none&#8220; column_border_style=&#8220;solid&#8220;][vc_column_text]\n<h3 style=\"text-align: center;\"><a href=\"https:\/\/www.germansuzuki.de\/wp-content\/uploads\/2020\/12\/Andruss1A1B-1.jpg\"><img decoding=\"async\" class=\"aligncenter size-full wp-image-10071\" src=\"https:\/\/www.germansuzuki.de\/wp-content\/uploads\/2020\/12\/Andruss1A1B-1.jpg\" alt=\"\" \/><\/a><span style=\"color: #000080;\"><a style=\"color: #000080;\" href=\"https:\/\/www.alle-noten.de\/Kuenstler\/David-Andruss\/Schritt-fuer-Schritt-Band-1.html?utm_source=suzuki&amp;utm_medium=partner&amp;utm_campaign=suz\">Andruss\/Wartberg: Schritt f\u00fcr Schritt<\/a><\/span><br \/>\n<span style=\"color: #000080;\"><a style=\"color: #000080;\" href=\"https:\/\/www.alle-noten.de\/Kuenstler\/David-Andruss\/Schritt-fuer-Schritt-Band-1.html?utm_source=suzuki&amp;utm_medium=partner&amp;utm_campaign=suz\">Klavierbegleitung Band 1A &amp; 1B<\/a><\/span><\/h3>\n<p id=\"productTitle\" style=\"text-align: center;\"><span style=\"color: #000080;\"><a style=\"color: #000080;\" href=\"https:\/\/www.alle-noten.de\/Kuenstler\/David-Andruss\/Schritt-fuer-Schritt-Band-1.html?utm_source=suzuki&amp;utm_medium=partner&amp;utm_campaign=suz\"><span class=\"small text-muted\">Artikelnummer: DSI_100<\/span><\/a><\/span><\/p>\n[\/vc_column_text][\/vc_column][\/vc_row][vc_row type=&#8220;in_container&#8220; full_screen_row_position=&#8220;middle&#8220; scene_position=&#8220;center&#8220; text_color=&#8220;dark&#8220; text_align=&#8220;left&#8220; overlay_strength=&#8220;0.3&#8243; shape_divider_position=&#8220;bottom&#8220;][vc_column column_padding=&#8220;no-extra-padding&#8220; column_padding_position=&#8220;all&#8220; background_color_opacity=&#8220;1&#8243; background_hover_color_opacity=&#8220;1&#8243; column_shadow=&#8220;none&#8220; column_border_radius=&#8220;none&#8220; width=&#8220;1\/4&#8243; tablet_text_alignment=&#8220;default&#8220; phone_text_alignment=&#8220;default&#8220; column_border_width=&#8220;none&#8220; column_border_style=&#8220;solid&#8220;][vc_column_text]\n<h3 style=\"text-align: center;\"><a href=\"https:\/\/www.alle-noten.de\/Streicher\/Violine\/Schritt-fuer-Schritt-Band-2A.html?utm_source=suzuki&amp;utm_medium=partner&amp;utm_campaign=suz\"><img decoding=\"async\" loading=\"lazy\" class=\"aligncenter size-full wp-image-10033\" src=\"https:\/\/www.germansuzuki.de\/wp-content\/uploads\/2020\/12\/SCHRITT-2A.jpg\" alt=\"\" width=\"591\" height=\"785\" srcset=\"https:\/\/www.germansuzuki.de\/wp-content\/uploads\/2020\/12\/SCHRITT-2A.jpg 591w, https:\/\/www.germansuzuki.de\/wp-content\/uploads\/2020\/12\/SCHRITT-2A-226x300.jpg 226w\" sizes=\"(max-width: 591px) 100vw, 591px\" \/><\/a><span style=\"color: #000080;\"><a style=\"color: #000080;\" href=\"https:\/\/www.alle-noten.de\/Streicher\/Violine\/Schritt-fuer-Schritt-Band-2A.html?utm_source=suzuki&amp;utm_medium=partner&amp;utm_campaign=suz\">Wartberg: Schritt f\u00fcr Schritt, Band 2A<\/a><\/span><\/h3>\n<p style=\"text-align: center;\"><span class=\"small text-muted\"><span style=\"color: #000080;\"><a style=\"color: #000080;\" href=\"https:\/\/www.alle-noten.de\/Streicher\/Violine\/Schritt-fuer-Schritt-Band-2A.html?utm_source=suzuki&amp;utm_medium=partner&amp;utm_campaign=suz\">Artikelnummer: ALF25873G (134-426)<\/a><\/span><br \/>\n<span style=\"color: #000080;\"><a style=\"color: #000080;\" href=\"https:\/\/www.alle-noten.de\/Streicher\/Violine\/Schritt-fuer-Schritt-Band-2A.html?utm_source=suzuki&amp;utm_medium=partner&amp;utm_campaign=suz\"><strong>Verlag:<\/strong> Alfred Publishing<\/a><\/span><br \/>\n<\/span><\/p>\n[\/vc_column_text][\/vc_column][vc_column column_padding=&#8220;no-extra-padding&#8220; column_padding_position=&#8220;all&#8220; background_color_opacity=&#8220;1&#8243; background_hover_color_opacity=&#8220;1&#8243; column_shadow=&#8220;none&#8220; column_border_radius=&#8220;none&#8220; width=&#8220;1\/4&#8243; tablet_text_alignment=&#8220;default&#8220; phone_text_alignment=&#8220;default&#8220; column_border_width=&#8220;none&#8220; column_border_style=&#8220;solid&#8220;][vc_column_text]\n<h3 id=\"productTitle\" style=\"text-align: center;\"><span style=\"color: #000000;\"><a href=\"https:\/\/www.alle-noten.de\/Streicher\/Violine\/Schritt-fuer-Schritt-Band-2B.html?utm_source=suzuki&amp;utm_medium=partner&amp;utm_campaign=suz\"><img decoding=\"async\" loading=\"lazy\" class=\"aligncenter size-full wp-image-10039\" src=\"https:\/\/www.germansuzuki.de\/wp-content\/uploads\/2020\/12\/SCHRITT-2B.jpg\" alt=\"\" width=\"574\" height=\"785\" srcset=\"https:\/\/www.germansuzuki.de\/wp-content\/uploads\/2020\/12\/SCHRITT-2B.jpg 574w, https:\/\/www.germansuzuki.de\/wp-content\/uploads\/2020\/12\/SCHRITT-2B-219x300.jpg 219w\" sizes=\"(max-width: 574px) 100vw, 574px\" \/><\/a><span style=\"color: #000080;\"><a style=\"color: #000080;\" href=\"https:\/\/www.alle-noten.de\/Streicher\/Violine\/Schritt-fuer-Schritt-Band-2B.html?utm_source=suzuki&amp;utm_medium=partner&amp;utm_campaign=suz\"><strong>Wartberg: Schritt f\u00fcr Schritt, Band 2B<\/strong><\/a><\/span><\/span><\/h3>\n<p style=\"text-align: center;\"><span class=\"small text-muted\"><span style=\"color: #000080;\"><a style=\"color: #000080;\" href=\"https:\/\/www.alle-noten.de\/Streicher\/Violine\/Schritt-fuer-Schritt-Band-2B.html?utm_source=suzuki&amp;utm_medium=partner&amp;utm_campaign=suz\">Artikelnummer: ALF25876G (134-002)<\/a><\/span><br \/>\n<span style=\"color: #000080;\"><a style=\"color: #000080;\" href=\"https:\/\/www.alle-noten.de\/Streicher\/Violine\/Schritt-fuer-Schritt-Band-2B.html?utm_source=suzuki&amp;utm_medium=partner&amp;utm_campaign=suz\"><strong>Verlag:<\/strong> Alfred Publications<\/a><\/span><br \/>\n<\/span><\/p>\n[\/vc_column_text][\/vc_column][vc_column column_padding=&#8220;no-extra-padding&#8220; column_padding_position=&#8220;all&#8220; background_color_opacity=&#8220;1&#8243; background_hover_color_opacity=&#8220;1&#8243; column_shadow=&#8220;none&#8220; column_border_radius=&#8220;none&#8220; width=&#8220;1\/4&#8243; tablet_text_alignment=&#8220;default&#8220; phone_text_alignment=&#8220;default&#8220; column_border_width=&#8220;none&#8220; column_border_style=&#8220;solid&#8220;][vc_column_text]\n<h3 style=\"text-align: center;\"><a href=\"https:\/\/www.alle-noten.de\/Streicher\/Violine\/Schritt-fuer-Schritt-Band-3A.html?utm_source=suzuki&amp;utm_medium=partner&amp;utm_campaign=suz\"><img decoding=\"async\" loading=\"lazy\" class=\"aligncenter size-full wp-image-10047\" src=\"https:\/\/www.germansuzuki.de\/wp-content\/uploads\/2020\/12\/SCHRITT-3A-2.jpg\" alt=\"\" width=\"590\" height=\"794\" srcset=\"https:\/\/www.germansuzuki.de\/wp-content\/uploads\/2020\/12\/SCHRITT-3A-2.jpg 590w, https:\/\/www.germansuzuki.de\/wp-content\/uploads\/2020\/12\/SCHRITT-3A-2-223x300.jpg 223w\" sizes=\"(max-width: 590px) 100vw, 590px\" \/><\/a><span style=\"color: #000080;\"><a style=\"color: #000080;\" href=\"https:\/\/www.alle-noten.de\/Streicher\/Violine\/Schritt-fuer-Schritt-Band-3A.html?utm_source=suzuki&amp;utm_medium=partner&amp;utm_campaign=suz\">Wartberg: Schritt f\u00fcr Schritt, Band 3A<\/a><\/span><\/h3>\n<p style=\"text-align: center;\"><span class=\"small text-muted\" style=\"color: #000000;\"><span style=\"color: #000080;\"><a style=\"color: #000080;\" href=\"https:\/\/www.alle-noten.de\/Streicher\/Violine\/Schritt-fuer-Schritt-Band-3A.html?utm_source=suzuki&amp;utm_medium=partner&amp;utm_campaign=suz\"><span class=\"small text-muted\">Artikelnummer: ALF28072G (134-516)<\/span><\/a><\/span><br \/>\n<span style=\"color: #000080;\"><a style=\"color: #000080;\" href=\"https:\/\/www.alle-noten.de\/Streicher\/Violine\/Schritt-fuer-Schritt-Band-3A.html?utm_source=suzuki&amp;utm_medium=partner&amp;utm_campaign=suz\"><strong>Verlag:<\/strong> Alfred Publishing<\/a><\/span><br \/>\n<\/span><\/p>\n[\/vc_column_text][\/vc_column][vc_column column_padding=&#8220;no-extra-padding&#8220; column_padding_position=&#8220;all&#8220; background_color_opacity=&#8220;1&#8243; background_hover_color_opacity=&#8220;1&#8243; column_shadow=&#8220;none&#8220; column_border_radius=&#8220;none&#8220; width=&#8220;1\/4&#8243; tablet_text_alignment=&#8220;default&#8220; phone_text_alignment=&#8220;default&#8220; column_border_width=&#8220;none&#8220; column_border_style=&#8220;solid&#8220;][vc_column_text]\n<h3 style=\"text-align: center;\"><a href=\"https:\/\/www.alle-noten.de\/Streicher\/Violine\/Schritt-fuer-Schritt-Band-3B.html?utm_source=suzuki&amp;utm_medium=partner&amp;utm_campaign=suz\"><img decoding=\"async\" loading=\"lazy\" class=\"aligncenter size-full wp-image-10041\" src=\"https:\/\/www.germansuzuki.de\/wp-content\/uploads\/2020\/12\/SCHRITT-3B.jpg\" alt=\"\" width=\"577\" height=\"785\" srcset=\"https:\/\/www.germansuzuki.de\/wp-content\/uploads\/2020\/12\/SCHRITT-3B.jpg 577w, https:\/\/www.germansuzuki.de\/wp-content\/uploads\/2020\/12\/SCHRITT-3B-221x300.jpg 221w\" sizes=\"(max-width: 577px) 100vw, 577px\" \/><\/a><span style=\"color: #000080;\"><a style=\"color: #000080;\" href=\"https:\/\/www.alle-noten.de\/Streicher\/Violine\/Schritt-fuer-Schritt-Band-3B.html?utm_source=suzuki&amp;utm_medium=partner&amp;utm_campaign=suz\">Wartberg: Schritt f\u00fcr Schritt, Band 3B<\/a><\/span><\/h3>\n<p style=\"text-align: center;\"><span class=\"small text-muted\"><span style=\"color: #000080;\"><a style=\"color: #000080;\" href=\"https:\/\/www.alle-noten.de\/Streicher\/Violine\/Schritt-fuer-Schritt-Band-3B.html?utm_source=suzuki&amp;utm_medium=partner&amp;utm_campaign=suz\">Artikelnummer: ALF28075G (134-469)<\/a><\/span><br \/>\n<span style=\"color: #000080;\"><a style=\"color: #000080;\" href=\"https:\/\/www.alle-noten.de\/Streicher\/Violine\/Schritt-fuer-Schritt-Band-3B.html?utm_source=suzuki&amp;utm_medium=partner&amp;utm_campaign=suz\"><strong>Verlag:<\/strong> Alfred Publishing<\/a><\/span><br \/>\n<\/span><\/p>\n[\/vc_column_text][\/vc_column][\/vc_row][vc_row type=&#8220;in_container&#8220; full_screen_row_position=&#8220;middle&#8220; scene_position=&#8220;center&#8220; text_color=&#8220;dark&#8220; text_align=&#8220;left&#8220; overlay_strength=&#8220;0.3&#8243; shape_divider_position=&#8220;bottom&#8220;][vc_column column_padding=&#8220;no-extra-padding&#8220; column_padding_position=&#8220;all&#8220; background_color=&#8220;#dddddd&#8220; background_color_opacity=&#8220;1&#8243; background_hover_color_opacity=&#8220;1&#8243; column_shadow=&#8220;none&#8220; column_border_radius=&#8220;none&#8220; width=&#8220;1\/1&#8243; tablet_text_alignment=&#8220;default&#8220; phone_text_alignment=&#8220;default&#8220; column_border_width=&#8220;none&#8220; column_border_style=&#8220;solid&#8220;]<div class=\"divider-wrap\"><div style=\"height: 25px;\" class=\"divider\"><\/div><\/div>[vc_column_text]\n<div class=\"col span_12 dark left\">\n<div class=\"vc_col-sm-12 wpb_column column_container vc_column_container col no-extra-padding instance-0\" data-border-radius=\"none\" data-shadow=\"none\" data-border-animation=\"\" data-border-animation-delay=\"\" data-border-width=\"none\" data-border-style=\"solid\" data-border-color=\"\" data-bg-cover=\"\" data-padding-pos=\"all\" data-has-bg-color=\"false\" data-bg-color=\"\" data-bg-opacity=\"1\" data-hover-bg=\"\" data-hover-bg-opacity=\"1\" data-animation=\"\" data-delay=\"0\">\n<div class=\"vc_column-inner\">\n<div class=\"wpb_wrapper\">\n<div class=\"wpb_text_column wpb_content_element \">\n<div class=\"wpb_wrapper\">\n<h3 style=\"text-align: center;\"><strong><a href=\"https:\/\/www.germansuzuki.de\/?page_id=2245\"><span style=\"color: #000080;\">Vorspiel-Training, Band 1<\/span><\/a><\/strong><br \/>\n\u00dcbungsmaterial f\u00fcr Suzuki-Sch\u00fcler in Heft 4 sowie Violinsch\u00fcler der Mittelstufe<\/h3>\n<h3 style=\"text-align: center;\"><a href=\"https:\/\/www.germansuzuki.de\/?page_id=3025\"><strong><span style=\"color: #000080;\">Vorspiel-Training, Band 2<\/span><\/strong><\/a><br \/>\n<span style=\"color: #000000;\">\u00dcbungsmaterial f\u00fcr Suzuki-Sch\u00fcler in Heft 5 sowie Violinsch\u00fcler der Mittelstufe<\/span><\/h3>\n<\/div>\n<\/div>\n<\/div>\n<\/div>\n<\/div>\n<\/div>\n[\/vc_column_text]<div class=\"divider-wrap\"><div style=\"height: 25px;\" class=\"divider\"><\/div><\/div><div class=\"divider-wrap\"><div style=\"height: 25px;\" class=\"divider\"><\/div><\/div>[\/vc_column][\/vc_row][vc_row type=&#8220;in_container&#8220; full_screen_row_position=&#8220;middle&#8220; scene_position=&#8220;center&#8220; text_color=&#8220;dark&#8220; text_align=&#8220;left&#8220; overlay_strength=&#8220;0.3&#8243; shape_divider_position=&#8220;bottom&#8220;][vc_column column_padding=&#8220;no-extra-padding&#8220; column_padding_position=&#8220;all&#8220; background_color_opacity=&#8220;1&#8243; background_hover_color_opacity=&#8220;1&#8243; column_shadow=&#8220;none&#8220; column_border_radius=&#8220;none&#8220; width=&#8220;1\/3&#8243; tablet_text_alignment=&#8220;default&#8220; phone_text_alignment=&#8220;default&#8220; column_border_width=&#8220;none&#8220; column_border_style=&#8220;solid&#8220;][vc_column_text]\n<h3 id=\"productTitle\" style=\"text-align: center;\"><span style=\"color: #000080;\"><a href=\"https:\/\/www.alle-noten.de\/Streicher\/Violine\/Vorspiel-Training-Vol-1.html?utm_source=suzuki&amp;utm_medium=partner&amp;utm_campaign=suz\"><img decoding=\"async\" loading=\"lazy\" class=\"aligncenter size-full wp-image-10077\" src=\"https:\/\/www.germansuzuki.de\/wp-content\/uploads\/2020\/12\/Titel_Recital_1.jpg\" alt=\"\" width=\"1315\" height=\"1711\" srcset=\"https:\/\/www.germansuzuki.de\/wp-content\/uploads\/2020\/12\/Titel_Recital_1.jpg 1315w, https:\/\/www.germansuzuki.de\/wp-content\/uploads\/2020\/12\/Titel_Recital_1-231x300.jpg 231w, https:\/\/www.germansuzuki.de\/wp-content\/uploads\/2020\/12\/Titel_Recital_1-787x1024.jpg 787w, https:\/\/www.germansuzuki.de\/wp-content\/uploads\/2020\/12\/Titel_Recital_1-768x999.jpg 768w, https:\/\/www.germansuzuki.de\/wp-content\/uploads\/2020\/12\/Titel_Recital_1-1181x1536.jpg 1181w\" sizes=\"(max-width: 1315px) 100vw, 1315px\" \/><\/a><a style=\"color: #000080;\" href=\"https:\/\/www.alle-noten.de\/Streicher\/Violine\/Vorspiel-Training-Vol-1.html?utm_source=suzuki&amp;utm_medium=partner&amp;utm_campaign=suz\">Wartberg: Vorspiel-Training<br \/>\nBand 1 (= 4A+4B)<\/a><\/span><\/h3>\n<p style=\"text-align: center;\"><span style=\"color: #000080;\"><a style=\"color: #000080;\" href=\"https:\/\/www.alle-noten.de\/Streicher\/Violine\/Vorspiel-Training-Vol-1.html?utm_source=suzuki&amp;utm_medium=partner&amp;utm_campaign=suz\"><span class=\"small text-muted\">Artikelnummer: EP11291 (134-674)<br \/>\n<\/span><\/a><\/span><span class=\"small text-muted\" style=\"color: #000000;\"><span style=\"color: #000080;\"><a style=\"color: #000080;\" href=\"https:\/\/www.alle-noten.de\/Streicher\/Violine\/Vorspiel-Training-Vol-1.html?utm_source=suzuki&amp;utm_medium=partner&amp;utm_campaign=suz\"><strong>Verlag:<\/strong> Edition Peters<\/a><\/span><br \/>\n<\/span><\/p>\n[\/vc_column_text][\/vc_column][vc_column column_padding=&#8220;no-extra-padding&#8220; column_padding_position=&#8220;all&#8220; background_color_opacity=&#8220;1&#8243; background_hover_color_opacity=&#8220;1&#8243; column_shadow=&#8220;none&#8220; column_border_radius=&#8220;none&#8220; width=&#8220;1\/3&#8243; tablet_text_alignment=&#8220;default&#8220; phone_text_alignment=&#8220;default&#8220; column_border_width=&#8220;none&#8220; column_border_style=&#8220;solid&#8220;][vc_column_text]\n<h3 style=\"text-align: center;\"><a href=\"https:\/\/www.alle-noten.de\/Streicher\/Violine\/Vorspiel-Training-Vol-2.html?utm_source=suzuki&amp;utm_medium=partner&amp;utm_campaign=suz\"><img decoding=\"async\" loading=\"lazy\" class=\"aligncenter\" src=\"https:\/\/en.germansuzuki.com\/wp-content\/uploads\/2013\/04\/Recital-Training_vol.2.jpg\" alt=\"\" width=\"959\" height=\"1259\" \/><\/a><\/h3>\n<h3 id=\"productTitle\" style=\"text-align: center;\"><span style=\"color: #000080;\"><a style=\"color: #000080;\" href=\"https:\/\/www.alle-noten.de\/Streicher\/Violine\/Vorspiel-Training-Vol-2.html?utm_source=suzuki&amp;utm_medium=partner&amp;utm_campaign=suz\">Wartberg: Vorspiel-Training<\/a><\/span><br \/>\n<span style=\"color: #000080;\"><a style=\"color: #000080;\" href=\"https:\/\/www.alle-noten.de\/Streicher\/Violine\/Vorspiel-Training-Vol-2.html?utm_source=suzuki&amp;utm_medium=partner&amp;utm_campaign=suz\">Band 2 (= 5A+5B)<\/a><\/span><\/h3>\n<p style=\"text-align: center;\"><span style=\"color: #000080;\"><span class=\"small text-muted\"><a style=\"color: #000080;\" href=\"https:\/\/www.alle-noten.de\/Streicher\/Violine\/Vorspiel-Training-Vol-2.html?utm_source=suzuki&amp;utm_medium=partner&amp;utm_campaign=suz\">Artikelnummer: EP11292 (134-674\/2)<\/a><br \/>\n<\/span><a style=\"color: #000080;\" href=\"https:\/\/www.alle-noten.de\/Streicher\/Violine\/Vorspiel-Training-Vol-2.html?utm_source=suzuki&amp;utm_medium=partner&amp;utm_campaign=suz\"><span class=\"small text-muted\"><strong>Verlag:<\/strong> Edition Peters<\/span><\/a><\/span><\/p>\n[\/vc_column_text][\/vc_column][vc_column column_padding=&#8220;no-extra-padding&#8220; column_padding_position=&#8220;all&#8220; background_color_opacity=&#8220;1&#8243; background_hover_color_opacity=&#8220;1&#8243; column_shadow=&#8220;none&#8220; column_border_radius=&#8220;none&#8220; width=&#8220;1\/3&#8243; tablet_text_alignment=&#8220;default&#8220; phone_text_alignment=&#8220;default&#8220; column_border_width=&#8220;none&#8220; column_border_style=&#8220;solid&#8220;][vc_column_text]\n<h3 style=\"text-align: center;\"><a href=\"https:\/\/www.alle-noten.de\/Streicher\/Violine\/Vorspiel-Training-Vol-1-nr.html?utm_source=suzuki&amp;utm_medium=partner&amp;utm_campaign=suz\"><img decoding=\"async\" loading=\"lazy\" class=\"aligncenter size-full wp-image-10078\" src=\"https:\/\/www.germansuzuki.de\/wp-content\/uploads\/2020\/12\/Recital1_Klavier.jpg\" alt=\"\" width=\"480\" height=\"640\" srcset=\"https:\/\/www.germansuzuki.de\/wp-content\/uploads\/2020\/12\/Recital1_Klavier.jpg 480w, https:\/\/www.germansuzuki.de\/wp-content\/uploads\/2020\/12\/Recital1_Klavier-225x300.jpg 225w\" sizes=\"(max-width: 480px) 100vw, 480px\" \/><\/a><span style=\"color: #000080;\"><a style=\"color: #000080;\" href=\"https:\/\/www.alle-noten.de\/Streicher\/Violine\/Vorspiel-Training-Vol-1-nr.html?utm_source=suzuki&amp;utm_medium=partner&amp;utm_campaign=suz\">Andruss\/Wartberg: Vorspiel-Training<\/a><\/span><br \/>\n<span style=\"color: #000080;\"><a style=\"color: #000080;\" href=\"https:\/\/www.alle-noten.de\/Streicher\/Violine\/Vorspiel-Training-Vol-1-nr.html?utm_source=suzuki&amp;utm_medium=partner&amp;utm_campaign=suz\">Klavierbegleitung Band 1<\/a><\/span><\/h3>\n<p id=\"productTitle\" style=\"text-align: center;\"><span style=\"color: #000080;\"><a style=\"color: #000080;\" href=\"https:\/\/www.alle-noten.de\/Streicher\/Violine\/Vorspiel-Training-Vol-1-nr.html?utm_source=suzuki&amp;utm_medium=partner&amp;utm_campaign=suz\"><span class=\"small text-muted\">Artikelnummer: EP11291A (134-674\/1)<\/span><\/a><\/span><\/p>\n[\/vc_column_text][\/vc_column][\/vc_row][vc_row type=&#8220;in_container&#8220; full_screen_row_position=&#8220;middle&#8220; scene_position=&#8220;center&#8220; text_color=&#8220;dark&#8220; text_align=&#8220;left&#8220; overlay_strength=&#8220;0.3&#8243; shape_divider_position=&#8220;bottom&#8220;][vc_column column_padding=&#8220;no-extra-padding&#8220; column_padding_position=&#8220;all&#8220; background_color=&#8220;#dddddd&#8220; background_color_opacity=&#8220;1&#8243; background_hover_color_opacity=&#8220;1&#8243; column_shadow=&#8220;none&#8220; column_border_radius=&#8220;none&#8220; width=&#8220;1\/1&#8243; tablet_text_alignment=&#8220;default&#8220; phone_text_alignment=&#8220;default&#8220; column_border_width=&#8220;none&#8220; column_border_style=&#8220;solid&#8220;]<div class=\"divider-wrap\"><div style=\"height: 25px;\" class=\"divider\"><\/div><\/div>[vc_column_text]\n<div class=\"col span_12 dark left\">\n<div class=\"vc_col-sm-12 wpb_column column_container vc_column_container col no-extra-padding instance-0\" data-border-radius=\"none\" data-shadow=\"none\" data-border-animation=\"\" data-border-animation-delay=\"\" data-border-width=\"none\" data-border-style=\"solid\" data-border-color=\"\" data-bg-cover=\"\" data-padding-pos=\"all\" data-has-bg-color=\"false\" data-bg-color=\"\" data-bg-opacity=\"1\" data-hover-bg=\"\" data-hover-bg-opacity=\"1\" data-animation=\"\" data-delay=\"0\">\n<div class=\"vc_column-inner\">\n<div class=\"wpb_wrapper\">\n<div class=\"wpb_text_column wpb_content_element \">\n<div class=\"wpb_wrapper\">\n<h3 style=\"text-align: center;\"><strong><span style=\"color: #000080;\"><a href=\"https:\/\/www.germansuzuki.de\/?page_id=8339\"><span style=\"color: #000080;\">Mein erstes Technikbuch<\/span><\/a> <span style=\"color: #000000;\">(Level: <\/span><\/span><\/strong><span style=\"color: #000000;\">Suzuki-Heft 1-2)<\/span><br \/>\n<a href=\"https:\/\/www.germansuzuki.de\/?page_id=8339\"><strong><span style=\"color: #000080;\">Mein zweites Technikbuch<\/span><\/strong><\/a><strong> (Level: <\/strong>Suzuki-Heft 2-3)<\/h3>\n<h3 style=\"text-align: center;\"><span style=\"color: #000000;\">Technische Basis\u00fcbungen mit Klavierbegleitungen f\u00fcr Geigenanf\u00e4nger <\/span><\/h3>\n<h3 style=\"text-align: center;\"><a href=\"https:\/\/www.germansuzuki.de\/?page_id=6716\"><strong><span style=\"color: #000080;\">So macht Violintechnik Spa\u00df<\/span><\/strong><\/a><br \/>\n<span style=\"color: #000000;\">Technische Basis\u00fcbungen mit Klavierbegleitungen f\u00fcr Geigensch\u00fcler der Mittelstufe <\/span><strong>(Level: <\/strong>Suzuki-Heft 4-7)<\/h3>\n<\/div>\n<\/div>\n<\/div>\n<\/div>\n<\/div>\n<\/div>\n[\/vc_column_text]<div class=\"divider-wrap\"><div style=\"height: 25px;\" class=\"divider\"><\/div><\/div>[\/vc_column][\/vc_row][vc_row type=&#8220;in_container&#8220; full_screen_row_position=&#8220;middle&#8220; scene_position=&#8220;center&#8220; text_color=&#8220;dark&#8220; text_align=&#8220;left&#8220; overlay_strength=&#8220;0.3&#8243; shape_divider_position=&#8220;bottom&#8220;][vc_column column_padding=&#8220;no-extra-padding&#8220; column_padding_position=&#8220;all&#8220; background_color_opacity=&#8220;1&#8243; background_hover_color_opacity=&#8220;1&#8243; column_shadow=&#8220;none&#8220; column_border_radius=&#8220;none&#8220; width=&#8220;1\/4&#8243; tablet_text_alignment=&#8220;default&#8220; phone_text_alignment=&#8220;default&#8220; column_border_width=&#8220;none&#8220; column_border_style=&#8220;solid&#8220;][vc_column_text]\n<p id=\"productTitle\" style=\"text-align: center;\"><span style=\"color: #000000;\"><a href=\"https:\/\/www.germansuzuki.de\/wp-content\/uploads\/2018\/09\/Technik_Titel_12_2018_final-1.jpg\"><img decoding=\"async\" loading=\"lazy\" class=\"aligncenter size-full wp-image-8341\" src=\"https:\/\/www.germansuzuki.de\/wp-content\/uploads\/2018\/09\/Technik_Titel_12_2018_final-1.jpg\" alt=\"\" width=\"780\" height=\"1018\" srcset=\"https:\/\/www.germansuzuki.de\/wp-content\/uploads\/2018\/09\/Technik_Titel_12_2018_final-1.jpg 780w, https:\/\/www.germansuzuki.de\/wp-content\/uploads\/2018\/09\/Technik_Titel_12_2018_final-1-230x300.jpg 230w, https:\/\/www.germansuzuki.de\/wp-content\/uploads\/2018\/09\/Technik_Titel_12_2018_final-1-768x1002.jpg 768w\" sizes=\"(max-width: 780px) 100vw, 780px\" \/><\/a><\/span><span style=\"color: #000080;\"><strong><a style=\"color: #000080;\" href=\"https:\/\/www.alle-noten.de\/Streicher\/Violine\/Mein-erstes-Technikbuch.html?utm_source=suzuki&amp;utm_medium=partner&amp;utm_campaign=suz\">Wartberg: Mein erstes Technikbuch<\/a><\/strong><\/span><br \/>\n<span style=\"color: #000080;\"><a style=\"color: #000080;\" href=\"https:\/\/www.alle-noten.de\/Streicher\/Violine\/Mein-erstes-Technikbuch.html?utm_source=suzuki&amp;utm_medium=partner&amp;utm_campaign=suz\"><strong>(Level = Suzuki 1 + 2)<\/strong><\/a><br \/>\n<a style=\"color: #000080;\" href=\"https:\/\/www.alle-noten.de\/Streicher\/Violine\/Mein-erstes-Technikbuch.html?utm_source=suzuki&amp;utm_medium=partner&amp;utm_campaign=suz\"><span class=\"small text-muted\">Artikelnummer: ISTEX-TB1<br \/>\n<\/span><\/a><\/span><span class=\"small text-muted\" style=\"color: #000000;\"><span style=\"color: #000080;\"><a style=\"color: #000080;\" href=\"https:\/\/www.alle-noten.de\/Streicher\/Violine\/Mein-erstes-Technikbuch.html?utm_source=suzuki&amp;utm_medium=partner&amp;utm_campaign=suz\"><strong>Verlag:<\/strong> ISTEX MUSIC PUBLICATIONS<\/a><\/span><br \/>\n<\/span><\/p>\n[\/vc_column_text][\/vc_column][vc_column column_padding=&#8220;no-extra-padding&#8220; column_padding_position=&#8220;all&#8220; background_color_opacity=&#8220;1&#8243; background_hover_color_opacity=&#8220;1&#8243; column_shadow=&#8220;none&#8220; column_border_radius=&#8220;none&#8220; width=&#8220;1\/4&#8243; tablet_text_alignment=&#8220;default&#8220; phone_text_alignment=&#8220;default&#8220; column_border_width=&#8220;none&#8220; column_border_style=&#8220;solid&#8220;][vc_column_text]\n<p style=\"text-align: center;\"><a href=\"https:\/\/www.germansuzuki.de\/wp-content\/uploads\/2018\/09\/Technik_Titel_2_2018_final-2.jpg\"><img decoding=\"async\" loading=\"lazy\" class=\"aligncenter size-full wp-image-8342\" src=\"https:\/\/www.germansuzuki.de\/wp-content\/uploads\/2018\/09\/Technik_Titel_2_2018_final-2.jpg\" alt=\"\" width=\"780\" height=\"1018\" srcset=\"https:\/\/www.germansuzuki.de\/wp-content\/uploads\/2018\/09\/Technik_Titel_2_2018_final-2.jpg 780w, https:\/\/www.germansuzuki.de\/wp-content\/uploads\/2018\/09\/Technik_Titel_2_2018_final-2-230x300.jpg 230w, https:\/\/www.germansuzuki.de\/wp-content\/uploads\/2018\/09\/Technik_Titel_2_2018_final-2-768x1002.jpg 768w\" sizes=\"(max-width: 780px) 100vw, 780px\" \/><\/a><span style=\"color: #000080;\"><strong><a style=\"color: #000080;\" href=\"https:\/\/www.alle-noten.de\/Streicher\/Violine\/Mein-zweites-Technikbuch.html?utm_source=suzuki&amp;utm_medium=partner&amp;utm_campaign=suz\">Wartberg: Mein zweites Technikbuch<\/a><\/strong><\/span><br \/>\n<span style=\"color: #000080;\"><strong><a style=\"color: #000080;\" href=\"https:\/\/www.alle-noten.de\/Streicher\/Violine\/Mein-zweites-Technikbuch.html?utm_source=suzuki&amp;utm_medium=partner&amp;utm_campaign=suz\">(Level = Suzuki 2 + 3)<\/a><br \/>\n<\/strong><span class=\"small text-muted\"><a style=\"color: #000080;\" href=\"https:\/\/www.alle-noten.de\/Streicher\/Violine\/Mein-zweites-Technikbuch.html?utm_source=suzuki&amp;utm_medium=partner&amp;utm_campaign=suz\">Artikelnummer: ISTEX-TB2<\/a><br \/>\n<\/span><a style=\"color: #000080;\" href=\"https:\/\/www.alle-noten.de\/Streicher\/Violine\/Mein-zweites-Technikbuch.html?utm_source=suzuki&amp;utm_medium=partner&amp;utm_campaign=suz\"><span class=\"small text-muted\"><strong>Verlag:<\/strong> ISTEX MUSIC PUBLICATIONS<\/span><\/a><\/span><\/p>\n[\/vc_column_text][\/vc_column][vc_column column_padding=&#8220;no-extra-padding&#8220; column_padding_position=&#8220;all&#8220; background_color_opacity=&#8220;1&#8243; background_hover_color_opacity=&#8220;1&#8243; column_shadow=&#8220;none&#8220; column_border_radius=&#8220;none&#8220; width=&#8220;1\/4&#8243; tablet_text_alignment=&#8220;default&#8220; phone_text_alignment=&#8220;default&#8220; column_border_width=&#8220;none&#8220; column_border_style=&#8220;solid&#8220;][vc_column_text]\n<p style=\"text-align: center;\"><a href=\"https:\/\/www.alle-noten.de\/Streicher\/Violine\/So-macht-Violintechnik-Spass.html?utm_source=suzuki&amp;utm_medium=partner&amp;utm_campaign=suz\"><img decoding=\"async\" loading=\"lazy\" class=\"aligncenter size-full wp-image-6563\" src=\"https:\/\/www.wartberg.org\/wp-content\/uploads\/2016\/12\/Enjoying_ISTEX_Titel_kl.jpg\" alt=\"\" width=\"969\" height=\"1265\" srcset=\"https:\/\/www.germansuzuki.de\/wp-content\/uploads\/2016\/12\/Enjoying_ISTEX_Titel_kl.jpg 969w, https:\/\/www.germansuzuki.de\/wp-content\/uploads\/2016\/12\/Enjoying_ISTEX_Titel_kl-230x300.jpg 230w, https:\/\/www.germansuzuki.de\/wp-content\/uploads\/2016\/12\/Enjoying_ISTEX_Titel_kl-784x1024.jpg 784w\" sizes=\"(max-width: 969px) 100vw, 969px\" \/><\/a><span style=\"color: #000080;\"><strong><a style=\"color: #000080;\" href=\"https:\/\/www.alle-noten.de\/Streicher\/Violine\/So-macht-Violintechnik-Spass.html?utm_source=suzuki&amp;utm_medium=partner&amp;utm_campaign=suz\">Wartberg: So macht Violintechnik Spa\u00df<\/a><\/strong><\/span><br \/>\n<span style=\"color: #000080;\"><a style=\"color: #000080;\" href=\"https:\/\/www.alle-noten.de\/Streicher\/Violine\/So-macht-Violintechnik-Spass.html?utm_source=suzuki&amp;utm_medium=partner&amp;utm_campaign=suz\"><strong>(Level = Suzuki 4 + 7)<\/strong><\/a><\/span><br \/>\n<span style=\"color: #000080;\"><span class=\"small text-muted\"><a style=\"color: #000080;\" href=\"https:\/\/www.alle-noten.de\/Streicher\/Violine\/So-macht-Violintechnik-Spass.html?utm_source=suzuki&amp;utm_medium=partner&amp;utm_campaign=suz\">Artikelnummer: ISTEX_001<\/a><br \/>\n<\/span><a style=\"color: #000080;\" href=\"https:\/\/www.alle-noten.de\/Streicher\/Violine\/So-macht-Violintechnik-Spass.html?utm_source=suzuki&amp;utm_medium=partner&amp;utm_campaign=suz\"><span class=\"small text-muted\"><strong>Verlag:<\/strong> ISTEX MUSIC PUBLICATIONS<\/span><\/a><\/span><\/p>\n[\/vc_column_text][\/vc_column][vc_column column_padding=&#8220;no-extra-padding&#8220; column_padding_position=&#8220;all&#8220; background_color_opacity=&#8220;1&#8243; background_hover_color_opacity=&#8220;1&#8243; column_shadow=&#8220;none&#8220; column_border_radius=&#8220;none&#8220; width=&#8220;1\/4&#8243; tablet_text_alignment=&#8220;default&#8220; phone_text_alignment=&#8220;default&#8220; column_border_width=&#8220;none&#8220; column_border_style=&#8220;solid&#8220;][vc_column_text]\n<p style=\"text-align: center;\"><a href=\"https:\/\/www.germansuzuki.de\/wp-content\/uploads\/2018\/06\/Notenlesebuch.jpg\"><img decoding=\"async\" loading=\"lazy\" class=\"aligncenter size-full wp-image-7551\" src=\"https:\/\/www.germansuzuki.de\/wp-content\/uploads\/2018\/06\/Notenlesebuch.jpg\" alt=\"\" width=\"450\" height=\"600\" srcset=\"https:\/\/www.germansuzuki.de\/wp-content\/uploads\/2018\/06\/Notenlesebuch.jpg 450w, https:\/\/www.germansuzuki.de\/wp-content\/uploads\/2018\/06\/Notenlesebuch-225x300.jpg 225w\" sizes=\"(max-width: 450px) 100vw, 450px\" \/><\/a><span style=\"color: #000080;\"><a style=\"color: #000080;\" href=\"https:\/\/www.alle-noten.de\/Streicher\/Violine\/Schritt-fuer-Schritt-Mein-erstes-Notenlesebuch.html?utm_source=suzuki&amp;utm_medium=partner&amp;utm_campaign=suz\"><strong>Wartberg: Mein erstes Notenlesebuch<\/strong><\/a><\/span><br \/>\n<span style=\"color: #000080;\"><a style=\"color: #000080;\" href=\"https:\/\/www.alle-noten.de\/Streicher\/Violine\/Schritt-fuer-Schritt-Mein-erstes-Notenlesebuch.html?utm_source=suzuki&amp;utm_medium=partner&amp;utm_campaign=suz\"><strong>(Level = Suzuki 1 &#8211; 2)<\/strong><\/a><\/span><br \/>\n<span style=\"color: #000080;\"><a style=\"color: #000080;\" href=\"https:\/\/www.alle-noten.de\/Streicher\/Violine\/Schritt-fuer-Schritt-Mein-erstes-Notenlesebuch.html?utm_source=suzuki&amp;utm_medium=partner&amp;utm_campaign=suz\">Artikelnummer: ALF25895 (134-291)<\/a><\/span><br \/>\n<span style=\"color: #000080;\"><a style=\"color: #000080;\" href=\"https:\/\/www.alle-noten.de\/Streicher\/Violine\/Schritt-fuer-Schritt-Mein-erstes-Notenlesebuch.html?utm_source=suzuki&amp;utm_medium=partner&amp;utm_campaign=suz\">Verlag: Alfred <span class=\"small text-muted\">Publications<\/span><\/a><\/span><\/p>\n[\/vc_column_text][\/vc_column][\/vc_row][vc_row type=&#8220;in_container&#8220; full_screen_row_position=&#8220;middle&#8220; scene_position=&#8220;center&#8220; text_color=&#8220;dark&#8220; text_align=&#8220;left&#8220; overlay_strength=&#8220;0.3&#8243; shape_divider_position=&#8220;bottom&#8220;][vc_column column_padding=&#8220;no-extra-padding&#8220; column_padding_position=&#8220;all&#8220; background_color=&#8220;#dddddd&#8220; background_color_opacity=&#8220;1&#8243; background_hover_color_opacity=&#8220;1&#8243; column_shadow=&#8220;none&#8220; column_border_radius=&#8220;none&#8220; width=&#8220;1\/1&#8243; tablet_text_alignment=&#8220;default&#8220; phone_text_alignment=&#8220;default&#8220; column_border_width=&#8220;none&#8220; column_border_style=&#8220;solid&#8220;]<div class=\"divider-wrap\"><div style=\"height: 25px;\" class=\"divider\"><\/div><\/div>[vc_column_text]\n<div class=\"col span_12 dark left\">\n<div class=\"vc_col-sm-12 wpb_column column_container vc_column_container col no-extra-padding instance-0\" data-border-radius=\"none\" data-shadow=\"none\" data-border-animation=\"\" data-border-animation-delay=\"\" data-border-width=\"none\" data-border-style=\"solid\" data-border-color=\"\" data-bg-cover=\"\" data-padding-pos=\"all\" data-has-bg-color=\"false\" data-bg-color=\"\" data-bg-opacity=\"1\" data-hover-bg=\"\" data-hover-bg-opacity=\"1\" data-animation=\"\" data-delay=\"0\">\n<div class=\"vc_column-inner\">\n<div class=\"wpb_wrapper\">\n<div class=\"wpb_text_column wpb_content_element \">\n<div class=\"wpb_wrapper\">\n<h3 style=\"text-align: center;\"><strong><span style=\"color: #000080;\">Mein Trio-Buch (Alfred)<br \/>\n<span style=\"color: #000000;\">beinhalt fast alle St\u00fccke der Suzuki-Violinschule von Heft 1 und 2, <\/span><br \/>\n<span style=\"color: #000000;\">arrangiert f\u00fcr drei Geigen.<\/span><\/span><\/strong><\/h3>\n<\/div>\n<\/div>\n<\/div>\n<\/div>\n<\/div>\n<\/div>\n[\/vc_column_text]<div class=\"divider-wrap\"><div style=\"height: 25px;\" class=\"divider\"><\/div><\/div>[\/vc_column][\/vc_row][vc_row type=&#8220;in_container&#8220; full_screen_row_position=&#8220;middle&#8220; scene_position=&#8220;center&#8220; text_color=&#8220;dark&#8220; text_align=&#8220;left&#8220; overlay_strength=&#8220;0.3&#8243; shape_divider_position=&#8220;bottom&#8220;][vc_column column_padding=&#8220;no-extra-padding&#8220; column_padding_position=&#8220;all&#8220; background_color_opacity=&#8220;1&#8243; background_hover_color_opacity=&#8220;1&#8243; column_shadow=&#8220;none&#8220; column_border_radius=&#8220;none&#8220; width=&#8220;1\/4&#8243; tablet_text_alignment=&#8220;default&#8220; phone_text_alignment=&#8220;default&#8220; column_border_width=&#8220;none&#8220; column_border_style=&#8220;solid&#8220;][vc_column_text]\n<h3 id=\"productTitle\" style=\"text-align: center;\"><strong><a href=\"https:\/\/www.alle-noten.de\/Kuenstler\/Aaron-Stang-nr\/Mein-Trio-Buch.html?utm_source=suzuki&amp;utm_medium=partner&amp;utm_campaign=suz\"><img decoding=\"async\" loading=\"lazy\" class=\"aligncenter size-full wp-image-10101\" src=\"https:\/\/www.wartberg.org\/wp-content\/uploads\/2020\/12\/Trio_score.jpg\" alt=\"\" width=\"552\" height=\"734\" srcset=\"https:\/\/www.germansuzuki.de\/wp-content\/uploads\/2020\/12\/Trio_score.jpg 552w, https:\/\/www.germansuzuki.de\/wp-content\/uploads\/2020\/12\/Trio_score-226x300.jpg 226w\" sizes=\"(max-width: 552px) 100vw, 552px\" \/><\/a><span style=\"color: #000080;\"><a style=\"color: #000080;\" href=\"https:\/\/www.alle-noten.de\/Kuenstler\/Aaron-Stang-nr\/Mein-Trio-Buch.html?utm_source=suzuki&amp;utm_medium=partner&amp;utm_campaign=suz\">Wartberg: Mein Trio-Buch<\/a><br \/>\n<a style=\"color: #000080;\" href=\"https:\/\/www.alle-noten.de\/Kuenstler\/Aaron-Stang-nr\/Mein-Trio-Buch.html?utm_source=suzuki&amp;utm_medium=partner&amp;utm_campaign=suz\">Partitur (Score)<\/a><br \/>\n<\/span><\/strong><\/h3>\n<p style=\"text-align: center;\"><span style=\"color: #000080;\"><a style=\"color: #000080;\" href=\"https:\/\/www.alle-noten.de\/Kuenstler\/Aaron-Stang-nr\/Mein-Trio-Buch.html?utm_source=suzuki&amp;utm_medium=partner&amp;utm_campaign=suz\"><span class=\"small text-muted\"><strong>Verlag:<\/strong> Alfred Publications<\/span><\/a><\/span><\/p>\n[\/vc_column_text][\/vc_column][vc_column column_padding=&#8220;no-extra-padding&#8220; column_padding_position=&#8220;all&#8220; background_color_opacity=&#8220;1&#8243; background_hover_color_opacity=&#8220;1&#8243; column_shadow=&#8220;none&#8220; column_border_radius=&#8220;none&#8220; width=&#8220;1\/4&#8243; tablet_text_alignment=&#8220;default&#8220; phone_text_alignment=&#8220;default&#8220; column_border_width=&#8220;none&#8220; column_border_style=&#8220;solid&#8220;][vc_column_text]\n<h3 id=\"productTitle\" style=\"text-align: center;\"><span style=\"color: #000000;\"><a href=\"https:\/\/www.alle-noten.de\/Streicher\/Violine\/Mein-Trio-Buch-Suzuki-Violinschule-nr.html?utm_source=suzuki&amp;utm_medium=partner&amp;utm_campaign=suz\"><img decoding=\"async\" loading=\"lazy\" class=\"aligncenter size-full wp-image-10105\" src=\"https:\/\/www.wartberg.org\/wp-content\/uploads\/2020\/12\/Trio_Violin2.jpg\" alt=\"\" width=\"450\" height=\"600\" srcset=\"https:\/\/www.germansuzuki.de\/wp-content\/uploads\/2020\/12\/Trio_Violin2.jpg 450w, https:\/\/www.germansuzuki.de\/wp-content\/uploads\/2020\/12\/Trio_Violin2-225x300.jpg 225w\" sizes=\"(max-width: 450px) 100vw, 450px\" \/><\/a><span style=\"color: #000080;\"><strong><a style=\"color: #000080;\" href=\"https:\/\/www.alle-noten.de\/Streicher\/Violine\/Mein-Trio-Buch-Suzuki-Violinschule-nr.html?utm_source=suzuki&amp;utm_medium=partner&amp;utm_campaign=suz\">Wartberg: Mein Trio-Buch<\/a><br \/>\n<a style=\"color: #000080;\" href=\"https:\/\/www.alle-noten.de\/Streicher\/Violine\/Mein-Trio-Buch-Suzuki-Violinschule-nr.html?utm_source=suzuki&amp;utm_medium=partner&amp;utm_campaign=suz\">Violine 2<\/a><br \/>\n<\/strong><\/span><\/span><\/h3>\n<p style=\"text-align: center;\"><span class=\"small text-muted\"><span style=\"color: #000080;\"><a style=\"color: #000080;\" href=\"https:\/\/www.alle-noten.de\/Streicher\/Violine\/Mein-Trio-Buch-Suzuki-Violinschule-nr.html?utm_source=suzuki&amp;utm_medium=partner&amp;utm_campaign=suz\"><strong>Verlag:<\/strong> Alfred Publications<\/a><\/span><br \/>\n<\/span><\/p>\n[\/vc_column_text][\/vc_column][vc_column column_padding=&#8220;no-extra-padding&#8220; column_padding_position=&#8220;all&#8220; background_color_opacity=&#8220;1&#8243; background_hover_color_opacity=&#8220;1&#8243; column_shadow=&#8220;none&#8220; column_border_radius=&#8220;none&#8220; width=&#8220;1\/4&#8243; tablet_text_alignment=&#8220;default&#8220; phone_text_alignment=&#8220;default&#8220; column_border_width=&#8220;none&#8220; column_border_style=&#8220;solid&#8220;][vc_column_text]\n<h3 style=\"text-align: center;\"><a href=\"https:\/\/www.alle-noten.de\/Streicher\/Violine\/Mein-Trio-Buch-Suzuki-Violinschule.html?utm_source=suzuki&amp;utm_medium=partner&amp;utm_campaign=suz\"><img decoding=\"async\" loading=\"lazy\" class=\"aligncenter size-full wp-image-10103\" src=\"https:\/\/www.wartberg.org\/wp-content\/uploads\/2020\/12\/Trio_Violin3.jpg\" alt=\"\" width=\"450\" height=\"600\" srcset=\"https:\/\/www.germansuzuki.de\/wp-content\/uploads\/2020\/12\/Trio_Violin3.jpg 450w, https:\/\/www.germansuzuki.de\/wp-content\/uploads\/2020\/12\/Trio_Violin3-225x300.jpg 225w\" sizes=\"(max-width: 450px) 100vw, 450px\" \/><\/a><span style=\"color: #000080;\"><strong><a style=\"color: #000080;\" href=\"https:\/\/www.alle-noten.de\/Streicher\/Violine\/Mein-Trio-Buch-Suzuki-Violinschule.html?utm_source=suzuki&amp;utm_medium=partner&amp;utm_campaign=suz\">Wartberg: Mein Trio-Buch<\/a><br \/>\n<a style=\"color: #000080;\" href=\"https:\/\/www.alle-noten.de\/Streicher\/Violine\/Mein-Trio-Buch-Suzuki-Violinschule.html?utm_source=suzuki&amp;utm_medium=partner&amp;utm_campaign=suz\">Violine 3<\/a><\/strong><\/span><\/h3>\n<p style=\"text-align: center;\"><span style=\"color: #000080;\"><a style=\"color: #000080;\" href=\"https:\/\/www.alle-noten.de\/Streicher\/Violine\/Mein-Trio-Buch-Suzuki-Violinschule.html?utm_source=suzuki&amp;utm_medium=partner&amp;utm_campaign=suz\"><span class=\"small text-muted\"><strong>Verlag:<\/strong> Alfred Publications<\/span><\/a><\/span><\/p>\n[\/vc_column_text][\/vc_column][vc_column column_padding=&#8220;no-extra-padding&#8220; column_padding_position=&#8220;all&#8220; background_color_opacity=&#8220;1&#8243; background_hover_color_opacity=&#8220;1&#8243; column_shadow=&#8220;none&#8220; column_border_radius=&#8220;none&#8220; width=&#8220;1\/4&#8243; tablet_text_alignment=&#8220;default&#8220; phone_text_alignment=&#8220;default&#8220; column_border_width=&#8220;none&#8220; column_border_style=&#8220;solid&#8220;][vc_column_text]\n<h3 id=\"productTitle\" style=\"text-align: center;\"><span style=\"color: #000000;\"><a href=\"https:\/\/www.alle-noten.de\/Streicher\/Violine\/Mein-Trio-Buch-CD.html?utm_source=suzuki&amp;utm_medium=partner&amp;utm_campaign=suz\"><img decoding=\"async\" loading=\"lazy\" class=\"aligncenter size-full wp-image-7573\" src=\"https:\/\/www.wartberg.org\/wp-content\/uploads\/2018\/06\/Trio-Buch.jpg\" alt=\"\" width=\"451\" height=\"600\" srcset=\"https:\/\/www.germansuzuki.de\/wp-content\/uploads\/2018\/06\/Trio-Buch.jpg 451w, https:\/\/www.germansuzuki.de\/wp-content\/uploads\/2018\/06\/Trio-Buch-226x300.jpg 226w\" sizes=\"(max-width: 451px) 100vw, 451px\" \/><\/a><span style=\"color: #000080;\"><strong><a style=\"color: #000080;\" href=\"https:\/\/www.alle-noten.de\/Streicher\/Violine\/Mein-Trio-Buch-CD.html?utm_source=suzuki&amp;utm_medium=partner&amp;utm_campaign=suz\">Wartberg: Mein Trio-Buch<\/a><br \/>\n<a style=\"color: #000080;\" href=\"https:\/\/www.alle-noten.de\/Streicher\/Violine\/Mein-Trio-Buch-CD.html?utm_source=suzuki&amp;utm_medium=partner&amp;utm_campaign=suz\">CD<\/a><\/strong><\/span><\/span><\/h3>\n<p style=\"text-align: center;\"><span class=\"small text-muted\"><span style=\"color: #000080;\"><a style=\"color: #000080;\" href=\"https:\/\/www.alle-noten.de\/Streicher\/Violine\/Mein-Trio-Buch-CD.html?utm_source=suzuki&amp;utm_medium=partner&amp;utm_campaign=suz\"><strong>Verlag:<\/strong> Alfred Publications<\/a><\/span><br \/>\n<\/span><\/p>\n[\/vc_column_text][\/vc_column][\/vc_row][vc_row type=&#8220;in_container&#8220; full_screen_row_position=&#8220;middle&#8220; scene_position=&#8220;center&#8220; text_color=&#8220;dark&#8220; text_align=&#8220;left&#8220; overlay_strength=&#8220;0.3&#8243; shape_divider_position=&#8220;bottom&#8220;][vc_column column_padding=&#8220;no-extra-padding&#8220; column_padding_position=&#8220;all&#8220; background_color=&#8220;#dddddd&#8220; background_color_opacity=&#8220;1&#8243; background_hover_color_opacity=&#8220;1&#8243; column_shadow=&#8220;none&#8220; column_border_radius=&#8220;none&#8220; width=&#8220;1\/1&#8243; tablet_text_alignment=&#8220;default&#8220; phone_text_alignment=&#8220;default&#8220; column_border_width=&#8220;none&#8220; column_border_style=&#8220;solid&#8220;]<div class=\"divider-wrap\"><div style=\"height: 25px;\" class=\"divider\"><\/div><\/div>[vc_column_text]\n<div class=\"col span_12 dark left\">\n<div class=\"vc_col-sm-12 wpb_column column_container vc_column_container col no-extra-padding instance-0\" data-border-radius=\"none\" data-shadow=\"none\" data-border-animation=\"\" data-border-animation-delay=\"\" data-border-width=\"none\" data-border-style=\"solid\" data-border-color=\"\" data-bg-cover=\"\" data-padding-pos=\"all\" data-has-bg-color=\"false\" data-bg-color=\"\" data-bg-opacity=\"1\" data-hover-bg=\"\" data-hover-bg-opacity=\"1\" data-animation=\"\" data-delay=\"0\">\n<div class=\"vc_column-inner\">\n<div class=\"wpb_wrapper\">\n<div class=\"wpb_text_column wpb_content_element \">\n<div class=\"wpb_wrapper\">\n<h3 style=\"text-align: center;\"><strong><span style=\"color: #000080;\">Mein erstes Notenlesebuch (Alfred)<br \/>\n<\/span><\/strong><span style=\"color: #000000;\">Hier werden alle T\u00f6ne der ersten Griffstellung auf allen Saiten systematisch ge\u00fcbt sowie elementare Notenwerte.<\/span><\/h3>\n<p>&nbsp;<\/p>\n<h3 style=\"text-align: center;\"><strong><span style=\"color: #000080;\">Mein zweites Notenlesebuch (Deutsches Suzuki Institut)<\/span><br \/>\n<\/strong><span style=\"color: #000000;\">Anhand von Edward Elgars &#8222;Six Easy Pieces&#8220; werden verschiedene Taktarten, Tonarten und Artikulationen vorgestellt und systematisch ge\u00fcbt.<\/span><\/h3>\n<h4 style=\"text-align: center;\"><span style=\"color: #000000;\"><br \/>\nDerzeit ist das zweite Notenheft nicht mehr als Printversion erh\u00e4ltlich, sondern nur <strong>in digitaler Form mit PDF- und MP3-Dateien.<br \/>\n<\/strong>Es ist in die Mediathek des &#8222;International Music Teachers Exchange&#8220; aufgenommen worden.<\/span><br \/>\n<span style=\"color: #000000;\"><span style=\"color: #000080;\"><a style=\"color: #000080;\" href=\"https:\/\/www.imtex-online.com\/mediathek\/article\/533\/60\/meinzweitesnotenlesebuch-violine-.html\/\"><strong>HIER<\/strong><\/a><\/span> k\u00f6nnen Sie die Dateien des Notenheftes downloaden und die Audio-Dateien streamen.<\/span><\/h4>\n<\/div>\n<\/div>\n<\/div>\n<\/div>\n<\/div>\n<\/div>\n[\/vc_column_text]<div class=\"divider-wrap\"><div style=\"height: 25px;\" class=\"divider\"><\/div><\/div>[\/vc_column][\/vc_row][vc_row type=&#8220;in_container&#8220; full_screen_row_position=&#8220;middle&#8220; scene_position=&#8220;center&#8220; text_color=&#8220;dark&#8220; text_align=&#8220;left&#8220; overlay_strength=&#8220;0.3&#8243; shape_divider_position=&#8220;bottom&#8220;][vc_column column_padding=&#8220;no-extra-padding&#8220; column_padding_position=&#8220;all&#8220; background_color_opacity=&#8220;1&#8243; background_hover_color_opacity=&#8220;1&#8243; column_shadow=&#8220;none&#8220; column_border_radius=&#8220;none&#8220; width=&#8220;1\/1&#8243; tablet_text_alignment=&#8220;default&#8220; phone_text_alignment=&#8220;default&#8220; column_border_width=&#8220;none&#8220; column_border_style=&#8220;solid&#8220;][vc_column_text][\/vc_column_text][vc_column_text]\n<div><\/div>\n<div style=\"text-align: center;\"><span style=\"color: #000000;\">Zum Thema <span style=\"color: #000080;\"><a style=\"color: #000080;\" href=\"http:\/\/www.youtube.com\/watch?v=A8M_JI0ivK0&amp;feature=related\" target=\"_blank\" rel=\"noopener noreferrer\">&#8222;\u00dcben in verschiedenen Tempi&#8220;<\/a><\/span> k\u00f6nnen sich Sch\u00fcler und Eltern den folgenden Filmausschnitt ansehen.<\/span><\/div>\n[\/vc_column_text][\/vc_column][\/vc_row]\n","protected":false},"excerpt":{"rendered":"<p>[vc_row type=&#8220;in_container&#8220; full_screen_row_position=&#8220;middle&#8220; scene_position=&#8220;center&#8220; text_color=&#8220;dark&#8220; text_align=&#8220;left&#8220; overlay_strength=&#8220;0.3&#8243; shape_divider_position=&#8220;bottom&#8220;][vc_column column_padding=&#8220;no-extra-padding&#8220; column_padding_position=&#8220;all&#8220; background_color_opacity=&#8220;1&#8243; background_hover_color_opacity=&#8220;1&#8243; column_shadow=&#8220;none&#8220; column_border_radius=&#8220;none&#8220; width=&#8220;1\/1&#8243; tablet_text_alignment=&#8220;default&#8220; phone_text_alignment=&#8220;default&#8220; column_border_width=&#8220;none&#8220; column_border_style=&#8220;solid&#8220;][vc_column_text] Gedruckte \u00dcbungshefte und -CDs zur Suzuki Violinschule von Kerstin Wartberg STREAMING&#8230;<\/p>\n","protected":false},"author":2,"featured_media":0,"parent":0,"menu_order":0,"comment_status":"closed","ping_status":"closed","template":"","meta":[],"_links":{"self":[{"href":"https:\/\/www.germansuzuki.de\/index.php?rest_route=\/wp\/v2\/pages\/10191"}],"collection":[{"href":"https:\/\/www.germansuzuki.de\/index.php?rest_route=\/wp\/v2\/pages"}],"about":[{"href":"https:\/\/www.germansuzuki.de\/index.php?rest_route=\/wp\/v2\/types\/page"}],"author":[{"embeddable":true,"href":"https:\/\/www.germansuzuki.de\/index.php?rest_route=\/wp\/v2\/users\/2"}],"replies":[{"embeddable":true,"href":"https:\/\/www.germansuzuki.de\/index.php?rest_route=%2Fwp%2Fv2%2Fcomments&post=10191"}],"version-history":[{"count":9,"href":"https:\/\/www.germansuzuki.de\/index.php?rest_route=\/wp\/v2\/pages\/10191\/revisions"}],"predecessor-version":[{"id":10200,"href":"https:\/\/www.germansuzuki.de\/index.php?rest_route=\/wp\/v2\/pages\/10191\/revisions\/10200"}],"wp:attachment":[{"href":"https:\/\/www.germansuzuki.de\/index.php?rest_route=%2Fwp%2Fv2%2Fmedia&parent=10191"}],"curies":[{"name":"wp","href":"https:\/\/api.w.org\/{rel}","templated":true}]}}